{"id":3092,"date":"2024-07-18T11:09:36","date_gmt":"2024-07-18T09:09:36","guid":{"rendered":"https:\/\/progres-conference.com\/panelisti\/"},"modified":"2025-09-26T14:09:50","modified_gmt":"2025-09-26T12:09:50","slug":"panelisti","status":"publish","type":"page","link":"https:\/\/progres-conference.com\/en\/panelisti\/","title":{"rendered":"Panelisti 2025"},"content":{"rendered":"<p>[et_pb_section fb_built=&#8221;1&#8243; custom_padding_last_edited=&#8221;on|desktop&#8221; _builder_version=&#8221;4.27.0&#8243; _module_preset=&#8221;default&#8221; background_image=&#8221;https:\/\/progres-conference.com\/wp-content\/uploads\/2024\/08\/gradient_ozadje-optimizirano.webp&#8221; custom_padding=&#8221;120px||120px||true|false&#8221; custom_padding_tablet=&#8221;80px||80px||true|false&#8221; custom_padding_phone=&#8221;50px||50px||true|false&#8221; locked=&#8221;off&#8221; global_colors_info=&#8221;{}&#8221;][et_pb_row _builder_version=&#8221;4.27.0&#8243; _module_preset=&#8221;default&#8221; global_colors_info=&#8221;{}&#8221;][et_pb_column type=&#8221;4_4&#8243; _builder_version=&#8221;4.27.0&#8243; _module_preset=&#8221;default&#8221; global_colors_info=&#8221;{}&#8221;][et_pb_text _builder_version=&#8221;4.27.0&#8243; _module_preset=&#8221;default&#8221; header_font=&#8221;|||on|||||&#8221; header_text_align=&#8221;center&#8221; header_font_size=&#8221;40px&#8221; header_letter_spacing=&#8221;2px&#8221; background_layout=&#8221;dark&#8221; header_font_size_tablet=&#8221;&#8221; header_font_size_phone=&#8221;30px&#8221; header_font_size_last_edited=&#8221;on|phone&#8221; global_colors_info=&#8221;{}&#8221;]<\/p>\n<h1>PANELISTI 2025<\/h1>\n<p>[\/et_pb_text][\/et_pb_column][\/et_pb_row][\/et_pb_section][et_pb_section fb_built=&#8221;1&#8243; admin_label=&#8221;About&#8221; _builder_version=&#8221;4.27.4&#8243; background_color=&#8221;#F2F2F2&#8243; locked=&#8221;off&#8221; global_colors_info=&#8221;{}&#8221;][et_pb_row column_structure=&#8221;1_4,3_4&#8243; make_equal=&#8221;on&#8221; _builder_version=&#8221;4.27.0&#8243; _module_preset=&#8221;default&#8221; global_colors_info=&#8221;{}&#8221;][et_pb_column type=&#8221;1_4&#8243; _builder_version=&#8221;4.27.0&#8243; _module_preset=&#8221;default&#8221; global_colors_info=&#8221;{}&#8221;][et_pb_image src=&#8221;https:\/\/progres-conference.com\/wp-content\/uploads\/2025\/07\/vuga11.png&#8221; title_text=&#8221;vuga11&#8243; align_tablet=&#8221;center&#8221; align_phone=&#8221;center&#8221; align_last_edited=&#8221;on|desktop&#8221; _builder_version=&#8221;4.27.4&#8243; transform_scale_last_edited=&#8221;off|desktop&#8221; transform_translate_last_edited=&#8221;off|desktop&#8221; transform_rotate_last_edited=&#8221;off|desktop&#8221; transform_skew_last_edited=&#8221;off|desktop&#8221; transform_origin_last_edited=&#8221;off|desktop&#8221; transform_styles_last_edited=&#8221;off|desktop&#8221; border_radii=&#8221;on|496px|496px|496px|496px&#8221; global_colors_info=&#8221;{}&#8221; transform_styles__hover_enabled=&#8221;on|hover&#8221; transform_scale__hover_enabled=&#8221;on|hover&#8221; transform_translate__hover_enabled=&#8221;on|desktop&#8221; transform_rotate__hover_enabled=&#8221;on|desktop&#8221; transform_skew__hover_enabled=&#8221;on|desktop&#8221; transform_origin__hover_enabled=&#8221;on|desktop&#8221; transform_scale__hover=&#8221;115%|115%&#8221;][\/et_pb_image][\/et_pb_column][et_pb_column type=&#8221;3_4&#8243; _builder_version=&#8221;4.27.0&#8243; _module_preset=&#8221;default&#8221; custom_css_main_element=&#8221;align-self: center;&#8221; global_colors_info=&#8221;{}&#8221;][et_pb_team_member name=&#8221;Bo\u0161tjan Vuga&#8221; position=&#8221;Direktor Sadar + Vuga&#8221; icon_color=&#8221;#476E6B&#8221; _builder_version=&#8221;4.27.0&#8243; _module_preset=&#8221;default&#8221; header_font=&#8221;|700|||||||&#8221; position_text_color=&#8221;#8F8F8F&#8221; position_line_height=&#8221;2.5em&#8221; custom_margin=&#8221;||15px||false|false&#8221; custom_padding=&#8221;||4px||false|false&#8221; global_colors_info=&#8221;{}&#8221;]<\/p>\n<p><span>Bo\u0161tjan Vuga je arhitekt, profesor in soustanovitelj arhitekturnega biroja SADAR+VUGA, enega vodilnih birojev v regiji, znanega po odprtem, inovativnem in integriranem pristopu k arhitekturi in urbanisti\u010dnemu na\u010drtovanju. \u017de skoraj trideset let razvija projekte razli\u010dnih meril, od ve\u010djih javnih objektov, kulturne infrastrukture, zasebnih projektov pa vse do vizij za prihodnji razvoj mest. Je redni profesor na Fakulteti za arhitekturo v Ljubljani, predsednik Upravnega odbora Sklada arhitekta Jo\u017eeta Ple\u010dnika ter redno predava in gostuje na mednarodnih arhitekturnih \u0161olah in konferencah.<\/span><\/p>\n<p>[\/et_pb_team_member][et_pb_social_media_follow _builder_version=&#8221;4.27.4&#8243; _module_preset=&#8221;default&#8221; custom_margin=&#8221;0px||||false|false&#8221; custom_padding=&#8221;0px||||false|false&#8221; locked=&#8221;off&#8221; global_colors_info=&#8221;{}&#8221;][et_pb_social_media_follow_network social_network=&#8221;linkedin&#8221; url=&#8221;https:\/\/www.linkedin.com\/in\/bostjan-vuga-9a345a\/?originalSubdomain=si&#8221; _builder_version=&#8221;4.27.4&#8243; _module_preset=&#8221;default&#8221; background_color=&#8221;#476E6B&#8221; background_enable_color=&#8221;on&#8221; border_radii=&#8221;on|100px|100px|100px|100px&#8221; global_colors_info=&#8221;{}&#8221; follow_button=&#8221;off&#8221; url_new_window=&#8221;on&#8221;]linkedin[\/et_pb_social_media_follow_network][\/et_pb_social_media_follow][\/et_pb_column][\/et_pb_row][\/et_pb_section][et_pb_section fb_built=&#8221;1&#8243; admin_label=&#8221;About&#8221; _builder_version=&#8221;4.27.0&#8243; background_enable_color=&#8221;off&#8221; locked=&#8221;off&#8221; global_colors_info=&#8221;{}&#8221;][et_pb_row column_structure=&#8221;1_4,3_4&#8243; make_equal=&#8221;on&#8221; _builder_version=&#8221;4.27.0&#8243; _module_preset=&#8221;default&#8221; global_colors_info=&#8221;{}&#8221;][et_pb_column type=&#8221;1_4&#8243; _builder_version=&#8221;4.27.0&#8243; _module_preset=&#8221;default&#8221; global_colors_info=&#8221;{}&#8221;][et_pb_image src=&#8221;https:\/\/progres-conference.com\/wp-content\/uploads\/2024\/09\/masa1-1.png&#8221; title_text=&#8221;masa1&#8243; align_tablet=&#8221;center&#8221; align_phone=&#8221;center&#8221; align_last_edited=&#8221;on|desktop&#8221; _builder_version=&#8221;4.27.0&#8243; global_colors_info=&#8221;{}&#8221; transform_styles__hover_enabled=&#8221;on|hover&#8221; transform_scale__hover=&#8221;115%|115%&#8221; transform_scale__hover_enabled=&#8221;on|hover&#8221; transform_translate__hover_enabled=&#8221;on|desktop&#8221; transform_rotate__hover_enabled=&#8221;on|desktop&#8221; transform_skew__hover_enabled=&#8221;on|desktop&#8221; transform_origin__hover_enabled=&#8221;on|desktop&#8221;][\/et_pb_image][\/et_pb_column][et_pb_column type=&#8221;3_4&#8243; _builder_version=&#8221;4.27.0&#8243; _module_preset=&#8221;default&#8221; custom_css_main_element=&#8221;align-self: center;&#8221; global_colors_info=&#8221;{}&#8221;][et_pb_team_member name=&#8221;Ma\u0161a Kramar&#8221; position=&#8221;Partner in odvetnica, Odvetni\u0161ka pisarna Senica &#038; partnerji&#8221; icon_color=&#8221;#476E6B&#8221; _builder_version=&#8221;4.27.4&#8243; _module_preset=&#8221;default&#8221; header_font=&#8221;|700|||||||&#8221; position_text_color=&#8221;#8F8F8F&#8221; position_line_height=&#8221;2.5em&#8221; custom_margin=&#8221;||15px||false|false&#8221; custom_padding=&#8221;||0px||false|false&#8221; global_colors_info=&#8221;{}&#8221;]<\/p>\n<p>Ma\u0161a Kramar je strokovnjakinja na civilnopravnem in gospodarskopravnem podro\u010dju. Njeno glavno podro\u010dje dela predstavljajo vpra\u0161anja s podro\u010dja nepremi\u010dninskega prava, nepremi\u010dninske transakcije, projektni razvoj nepremi\u010dnin, sklepanje gradbenih, prodajnih in najemnih pogodb ter re\u0161evanje sporov. Strankam svetuje tudi pri vpra\u0161anjih pogodbenega, premo\u017eenjskega, od\u0161kodninskega in osebnega prava.<\/p>\n<p>[\/et_pb_team_member][et_pb_social_media_follow _builder_version=&#8221;4.27.4&#8243; _module_preset=&#8221;default&#8221; custom_margin=&#8221;0px||||false|false&#8221; custom_padding=&#8221;0px||||false|false&#8221; locked=&#8221;off&#8221; global_colors_info=&#8221;{}&#8221;][et_pb_social_media_follow_network social_network=&#8221;linkedin&#8221; url=&#8221;https:\/\/www.linkedin.com\/in\/ma%C5%A1a-kramar-ab78ab36\/?originalSubdomain=si&#8221; _builder_version=&#8221;4.27.4&#8243; _module_preset=&#8221;default&#8221; background_color=&#8221;#476E6B&#8221; background_enable_color=&#8221;on&#8221; border_radii=&#8221;on|100px|100px|100px|100px&#8221; global_colors_info=&#8221;{}&#8221; follow_button=&#8221;off&#8221; url_new_window=&#8221;on&#8221;]linkedin[\/et_pb_social_media_follow_network][\/et_pb_social_media_follow][\/et_pb_column][\/et_pb_row][et_pb_row column_structure=&#8221;1_4,3_4&#8243; make_equal=&#8221;on&#8221; _builder_version=&#8221;4.27.0&#8243; _module_preset=&#8221;default&#8221; global_colors_info=&#8221;{}&#8221;][et_pb_column type=&#8221;1_4&#8243; _builder_version=&#8221;4.27.0&#8243; _module_preset=&#8221;default&#8221; global_colors_info=&#8221;{}&#8221;][et_pb_image src=&#8221;https:\/\/progres-conference.com\/wp-content\/uploads\/2024\/09\/ALKSANDER_VUJEVIC1.png&#8221; title_text=&#8221;ALKSANDER_VUJEVIC1&#8243; align_tablet=&#8221;center&#8221; align_phone=&#8221;center&#8221; align_last_edited=&#8221;on|desktop&#8221; _builder_version=&#8221;4.27.0&#8243; global_colors_info=&#8221;{}&#8221; transform_styles__hover_enabled=&#8221;on|hover&#8221; transform_scale__hover=&#8221;115%|115%&#8221; transform_scale__hover_enabled=&#8221;on|hover&#8221; transform_translate__hover_enabled=&#8221;on|desktop&#8221; transform_rotate__hover_enabled=&#8221;on|desktop&#8221; transform_skew__hover_enabled=&#8221;on|desktop&#8221; transform_origin__hover_enabled=&#8221;on|desktop&#8221;][\/et_pb_image][\/et_pb_column][et_pb_column type=&#8221;3_4&#8243; _builder_version=&#8221;4.27.0&#8243; _module_preset=&#8221;default&#8221; custom_css_main_element=&#8221;align-self: center;&#8221; global_colors_info=&#8221;{}&#8221;][et_pb_team_member name=&#8221;Aleksander Vujovi\u0107&#8221; position=&#8221;Direktor in ustanovitelj Supa, Studio za urbano projektiranje in analizo&#8221; icon_color=&#8221;#476E6B&#8221; _builder_version=&#8221;4.27.4&#8243; _module_preset=&#8221;default&#8221; header_font=&#8221;|700|||||||&#8221; position_text_color=&#8221;#8F8F8F&#8221; position_line_height=&#8221;2.5em&#8221; custom_margin=&#8221;||15px||false|false&#8221; custom_padding=&#8221;||0px||false|false&#8221; global_colors_info=&#8221;{}&#8221;]<\/p>\n<p>Aleksander Vujovi\u0107 je arhitekt in urbanist, vodi Studio za urbano projektiranje in analizo (SUPA). V praksi je dejaven na podro\u010dju urbanisti\u010dnega na\u010drtovanja, oblikovanja javnih prostorov in zasnov ter prenov stanovanjskih stavb in stanovanj. Objavlja prostorska razmi\u0161ljanja v doma\u010dih in mednarodnih publikacijah. Ob\u010dasno oblikuje prostorske intervencije v javnem prostoru.<\/p>\n<p>[\/et_pb_team_member][et_pb_social_media_follow _builder_version=&#8221;4.27.4&#8243; _module_preset=&#8221;default&#8221; custom_margin=&#8221;0px||||false|false&#8221; custom_padding=&#8221;0px||||false|false&#8221; locked=&#8221;off&#8221; global_colors_info=&#8221;{}&#8221;][et_pb_social_media_follow_network social_network=&#8221;linkedin&#8221; url=&#8221;https:\/\/www.linkedin.com\/in\/aleksander-vujovi%C4%87-6a0b4284\/?originalSubdomain=si&#8221; _builder_version=&#8221;4.27.4&#8243; _module_preset=&#8221;default&#8221; background_color=&#8221;#476E6B&#8221; background_enable_color=&#8221;on&#8221; border_radii=&#8221;on|100px|100px|100px|100px&#8221; global_colors_info=&#8221;{}&#8221; follow_button=&#8221;off&#8221; url_new_window=&#8221;on&#8221;]linkedin[\/et_pb_social_media_follow_network][\/et_pb_social_media_follow][\/et_pb_column][\/et_pb_row][et_pb_row column_structure=&#8221;1_4,3_4&#8243; make_equal=&#8221;on&#8221; _builder_version=&#8221;4.27.0&#8243; _module_preset=&#8221;default&#8221; global_colors_info=&#8221;{}&#8221;][et_pb_column type=&#8221;1_4&#8243; _builder_version=&#8221;4.27.0&#8243; _module_preset=&#8221;default&#8221; global_colors_info=&#8221;{}&#8221;][et_pb_image src=&#8221;https:\/\/progres-conference.com\/wp-content\/uploads\/2024\/08\/2P_Katarina_Konda.png&#8221; title_text=&#8221;2P_Katarina_Konda&#8221; align_tablet=&#8221;center&#8221; align_phone=&#8221;center&#8221; align_last_edited=&#8221;on|desktop&#8221; _builder_version=&#8221;4.27.0&#8243; global_colors_info=&#8221;{}&#8221; transform_styles__hover_enabled=&#8221;on|hover&#8221; transform_scale__hover=&#8221;115%|115%&#8221; transform_scale__hover_enabled=&#8221;on|hover&#8221; transform_translate__hover_enabled=&#8221;on|desktop&#8221; transform_rotate__hover_enabled=&#8221;on|desktop&#8221; transform_skew__hover_enabled=&#8221;on|desktop&#8221; transform_origin__hover_enabled=&#8221;on|desktop&#8221;][\/et_pb_image][\/et_pb_column][et_pb_column type=&#8221;3_4&#8243; _builder_version=&#8221;4.27.0&#8243; _module_preset=&#8221;default&#8221; custom_css_main_element=&#8221;align-self: center;&#8221; global_colors_info=&#8221;{}&#8221;][et_pb_team_member name=&#8221;Mag. Katarina Konda&#8221; position=&#8221;Vodja oddelka za urejanja prostora, Mestna ob\u010dina Ljubljana&#8221; icon_color=&#8221;#476E6B&#8221; _builder_version=&#8221;4.27.4&#8243; _module_preset=&#8221;default&#8221; header_font=&#8221;|700|||||||&#8221; position_text_color=&#8221;#8F8F8F&#8221; position_line_height=&#8221;2.5em&#8221; custom_margin=&#8221;||15px||false|false&#8221; custom_padding=&#8221;||0px||false|false&#8221; global_colors_info=&#8221;{}&#8221;]<\/p>\n<p>Katarina Konda je izku\u0161ena urbanistka z dolgoletnimi izku\u0161njami v prostorskem in urbanisti\u010dnem na\u010drtovanju. Trenutno vodi oddelek za urejanje prostora Mestne ob\u010dine Ljubljana, kjer je odgovorna za koordinacijo in izvajanje prostorskih izvedbenih aktov ter prenovo. Skoraj dve desetletji je delala v podjetju LUZ d.d., kjer je bila odgovorna za \u0161tevilne nagrajene projekte mestnega na\u010drtovanja.<\/p>\n<p>[\/et_pb_team_member][et_pb_social_media_follow _builder_version=&#8221;4.27.4&#8243; _module_preset=&#8221;default&#8221; custom_margin=&#8221;0px||||false|false&#8221; custom_padding=&#8221;0px||||false|false&#8221; locked=&#8221;off&#8221; global_colors_info=&#8221;{}&#8221;][et_pb_social_media_follow_network social_network=&#8221;linkedin&#8221; url=&#8221;https:\/\/www.linkedin.com\/search\/results\/all\/?fetchDeterministicClustersOnly=true&#038;heroEntityKey=urn%3Ali%3Afsd_profile%3AACoAAACijlgByy9vn13vmNRj9Vn-p2kvWnHkUKU&#038;keywords=katarina%20konda&#038;origin=RICH_QUERY_SUGGESTION&#038;position=0&#038;searchId=dd6326c8-30be-4e3b-bbc1-a963a7af3704&#038;sid=KVL&#038;spellCorrectionEnabled=false&#8221; _builder_version=&#8221;4.27.4&#8243; _module_preset=&#8221;default&#8221; background_color=&#8221;#476E6B&#8221; background_enable_color=&#8221;on&#8221; border_radii=&#8221;on|100px|100px|100px|100px&#8221; global_colors_info=&#8221;{}&#8221; follow_button=&#8221;off&#8221; url_new_window=&#8221;on&#8221;]linkedin[\/et_pb_social_media_follow_network][\/et_pb_social_media_follow][\/et_pb_column][\/et_pb_row][et_pb_row column_structure=&#8221;1_4,3_4&#8243; make_equal=&#8221;on&#8221; _builder_version=&#8221;4.27.0&#8243; _module_preset=&#8221;default&#8221; global_colors_info=&#8221;{}&#8221;][et_pb_column type=&#8221;1_4&#8243; _builder_version=&#8221;4.27.0&#8243; _module_preset=&#8221;default&#8221; global_colors_info=&#8221;{}&#8221;][et_pb_image src=&#8221;https:\/\/progres-conference.com\/wp-content\/uploads\/2025\/05\/Matija-Urankar.png&#8221; title_text=&#8221;Matija Urankar&#8221; align_tablet=&#8221;center&#8221; align_phone=&#8221;center&#8221; align_last_edited=&#8221;on|desktop&#8221; _builder_version=&#8221;4.27.4&#8243; border_radii=&#8221;on|1566px|1566px|1566px|1566px&#8221; global_colors_info=&#8221;{}&#8221; transform_styles__hover_enabled=&#8221;on|hover&#8221; transform_scale__hover=&#8221;115%|115%&#8221; transform_scale__hover_enabled=&#8221;on|hover&#8221; transform_translate__hover_enabled=&#8221;on|desktop&#8221; transform_rotate__hover_enabled=&#8221;on|desktop&#8221; transform_skew__hover_enabled=&#8221;on|desktop&#8221; transform_origin__hover_enabled=&#8221;on|desktop&#8221;][\/et_pb_image][\/et_pb_column][et_pb_column type=&#8221;3_4&#8243; _builder_version=&#8221;4.27.0&#8243; _module_preset=&#8221;default&#8221; custom_css_main_element=&#8221;align-self: center;&#8221; global_colors_info=&#8221;{}&#8221;][et_pb_team_member name=&#8221;Matija Urankar&#8221; position=&#8221;Partner in odvetnik, Odvetni\u0161ka pisarna Senica &#038; partnerji&#8221; icon_color=&#8221;#476E6B&#8221; _builder_version=&#8221;4.27.4&#8243; _module_preset=&#8221;default&#8221; header_font=&#8221;|700|||||||&#8221; position_text_color=&#8221;#8F8F8F&#8221; position_line_height=&#8221;2.5em&#8221; custom_margin=&#8221;||15px||false|false&#8221; custom_padding=&#8221;||0px||false|false&#8221; global_colors_info=&#8221;{}&#8221;]<\/p>\n<p>Matija Urankar vodi oddelek za ustavno pravo in \u010dlovekove pravice, skladnost poslovanja s podro\u010dja gradbenih, okoljskih in prostorskih zadev ter globalno mobilnost. Redoma zastopa stranke pred sodnimi in upravnimi organi, prav tako je vpet v projekte s podro\u010dja sprejemanja predpisov. Je tudi svetovalec za globalno mobilnost pri dru\u017ebi Andersen Slovenija, kjer vodi in koordinira projekte s podro\u010dja imigracijskih zadev in pridobivanja dr\u017eavljanstev.\u00a0<\/p>\n<p>[\/et_pb_team_member][et_pb_social_media_follow _builder_version=&#8221;4.27.4&#8243; _module_preset=&#8221;default&#8221; custom_margin=&#8221;0px||||false|false&#8221; custom_padding=&#8221;0px||||false|false&#8221; locked=&#8221;off&#8221; global_colors_info=&#8221;{}&#8221;][et_pb_social_media_follow_network social_network=&#8221;linkedin&#8221; url=&#8221;https:\/\/www.linkedin.com\/in\/matija-urankar-819155b4\/&#8221; _builder_version=&#8221;4.27.4&#8243; _module_preset=&#8221;default&#8221; background_color=&#8221;#476E6B&#8221; background_enable_color=&#8221;on&#8221; border_radii=&#8221;on|100px|100px|100px|100px&#8221; global_colors_info=&#8221;{}&#8221; follow_button=&#8221;off&#8221; url_new_window=&#8221;on&#8221;]linkedin[\/et_pb_social_media_follow_network][\/et_pb_social_media_follow][\/et_pb_column][\/et_pb_row][\/et_pb_section][et_pb_section fb_built=&#8221;1&#8243; admin_label=&#8221;About&#8221; _builder_version=&#8221;4.27.4&#8243; background_color=&#8221;#F2F2F2&#8243; locked=&#8221;off&#8221; global_colors_info=&#8221;{}&#8221;][et_pb_row column_structure=&#8221;1_4,3_4&#8243; make_equal=&#8221;on&#8221; _builder_version=&#8221;4.27.0&#8243; _module_preset=&#8221;default&#8221; global_colors_info=&#8221;{}&#8221;][et_pb_column type=&#8221;1_4&#8243; _builder_version=&#8221;4.27.0&#8243; _module_preset=&#8221;default&#8221; global_colors_info=&#8221;{}&#8221;][et_pb_image src=&#8221;https:\/\/progres-conference.com\/wp-content\/uploads\/2025\/06\/DSC_2419.jpg&#8221; title_text=&#8221;DSC_2419&#8243; align_tablet=&#8221;center&#8221; align_phone=&#8221;center&#8221; align_last_edited=&#8221;on|desktop&#8221; _builder_version=&#8221;4.27.4&#8243; transform_scale_last_edited=&#8221;off|desktop&#8221; transform_translate_last_edited=&#8221;off|desktop&#8221; transform_rotate_last_edited=&#8221;off|desktop&#8221; transform_skew_last_edited=&#8221;off|desktop&#8221; transform_origin_last_edited=&#8221;off|desktop&#8221; transform_styles_last_edited=&#8221;off|desktop&#8221; border_radii=&#8221;on|496px|496px|496px|496px&#8221; global_colors_info=&#8221;{}&#8221; transform_styles__hover_enabled=&#8221;on|hover&#8221; transform_scale__hover_enabled=&#8221;on|hover&#8221; transform_translate__hover_enabled=&#8221;on|desktop&#8221; transform_rotate__hover_enabled=&#8221;on|desktop&#8221; transform_skew__hover_enabled=&#8221;on|desktop&#8221; transform_origin__hover_enabled=&#8221;on|desktop&#8221; transform_scale__hover=&#8221;115%|115%&#8221;][\/et_pb_image][\/et_pb_column][et_pb_column type=&#8221;3_4&#8243; _builder_version=&#8221;4.27.0&#8243; _module_preset=&#8221;default&#8221; custom_css_main_element=&#8221;align-self: center;&#8221; global_colors_info=&#8221;{}&#8221;][et_pb_team_member name=&#8221;Nuccia Basani\u0107&#8221; position=&#8221;Vodja oddelka za svetovanje in posredni\u0161tvo komercialnih nepremi\u010dnin, Colliers&#8221; icon_color=&#8221;#476E6B&#8221; _builder_version=&#8221;4.27.0&#8243; _module_preset=&#8221;default&#8221; header_font=&#8221;|700|||||||&#8221; position_text_color=&#8221;#8F8F8F&#8221; position_line_height=&#8221;2.5em&#8221; custom_margin=&#8221;||15px||false|false&#8221; custom_padding=&#8221;||4px||false|false&#8221; global_colors_info=&#8221;{}&#8221;]<\/p>\n<p><span>Nuccia je odgovorna za trg Hrva\u0161ke, Slovenije ter Bosne in Hercegovine. S svojo ekipo nudi prilagojene storitve za najem in prodajo poslovnih prostorov v segmentih pisarn, maloprodaje ter logistike. Ima ve\u010d kot 11 let izku\u0161enj v industriji in je sodelovala z vodilnimi globalnimi blagovnimi znamkami, kot so Microsoft, Apple, Nestle in SAP. Nuccia je poobla\u0161\u010dena nepremi\u010dninska agentka (HGK) in \u010dlanica Kraljevskega in\u0161tituta za poobla\u0161\u010dene nadzornike (RICS). Diplomirala je na Rochester Institute of Technology in je trenutno vklju\u010dena v eLeadership MBA program na Kelley School of Business.<\/span><\/p>\n<p>[\/et_pb_team_member][et_pb_social_media_follow _builder_version=&#8221;4.27.4&#8243; _module_preset=&#8221;default&#8221; custom_margin=&#8221;0px||||false|false&#8221; custom_padding=&#8221;0px||||false|false&#8221; locked=&#8221;off&#8221; global_colors_info=&#8221;{}&#8221;][et_pb_social_media_follow_network social_network=&#8221;linkedin&#8221; url=&#8221;https:\/\/www.linkedin.com\/in\/nucciabasanic\/?originalSubdomain=hr&#8221; _builder_version=&#8221;4.27.4&#8243; _module_preset=&#8221;default&#8221; background_color=&#8221;#476E6B&#8221; background_enable_color=&#8221;on&#8221; border_radii=&#8221;on|100px|100px|100px|100px&#8221; global_colors_info=&#8221;{}&#8221; follow_button=&#8221;off&#8221; url_new_window=&#8221;on&#8221;]linkedin[\/et_pb_social_media_follow_network][\/et_pb_social_media_follow][\/et_pb_column][\/et_pb_row][et_pb_row column_structure=&#8221;1_4,3_4&#8243; make_equal=&#8221;on&#8221; _builder_version=&#8221;4.27.0&#8243; _module_preset=&#8221;default&#8221; global_colors_info=&#8221;{}&#8221;][et_pb_column type=&#8221;1_4&#8243; _builder_version=&#8221;4.27.0&#8243; _module_preset=&#8221;default&#8221; global_colors_info=&#8221;{}&#8221;][et_pb_image src=&#8221;https:\/\/progres-conference.com\/wp-content\/uploads\/2025\/06\/mm05.jpg&#8221; title_text=&#8221;Michal Maco Corwin&#8221; align_tablet=&#8221;center&#8221; align_phone=&#8221;center&#8221; align_last_edited=&#8221;on|desktop&#8221; _builder_version=&#8221;4.27.4&#8243; border_radii=&#8221;on|1566px|1566px|1566px|1566px&#8221; global_colors_info=&#8221;{}&#8221; transform_styles__hover_enabled=&#8221;on|hover&#8221; transform_scale__hover=&#8221;115%|115%&#8221; transform_scale__hover_enabled=&#8221;on|hover&#8221; transform_translate__hover_enabled=&#8221;on|desktop&#8221; transform_rotate__hover_enabled=&#8221;on|desktop&#8221; transform_skew__hover_enabled=&#8221;on|desktop&#8221; transform_origin__hover_enabled=&#8221;on|desktop&#8221;][\/et_pb_image][\/et_pb_column][et_pb_column type=&#8221;3_4&#8243; _builder_version=&#8221;4.27.0&#8243; _module_preset=&#8221;default&#8221; custom_css_main_element=&#8221;align-self: center;&#8221; global_colors_info=&#8221;{}&#8221;][et_pb_team_member name=&#8221;Dr. Michal Maco&#8221; position=&#8221;Direktor, Corwin Slovenija&#8221; icon_color=&#8221;#476E6B&#8221; _builder_version=&#8221;4.27.0&#8243; _module_preset=&#8221;default&#8221; header_font=&#8221;|700|||||||&#8221; position_text_color=&#8221;#8F8F8F&#8221; position_line_height=&#8221;2.5em&#8221; custom_margin=&#8221;||15px||false|false&#8221; custom_padding=&#8221;||0px||false|false&#8221; global_colors_info=&#8221;{}&#8221;]<\/p>\n<p>Michal Maco je direktor nepremi\u010dninskega podjetja Corwin v Sloveniji, ki se osredoto\u010da na trajnostni in odgovorni razvoj mest. Michal ima bogate izku\u0161nje na podro\u010dju razvoja nepremi\u010dnin ter doktorat iz urbanisti\u010dnega na\u010drtovanja, ki je ena izmed njegovih najve\u010djih strasti. Kot vodja enega od najve\u010djih lokalnih razvojnih podjetij, je Michal redno vabljen k sodelovanju na javnih forumih, kjer deli svoje izku\u0161nje na podro\u010dju trajnostnih poslovnih in stanovanjskih nepremi\u010dnin. Trenutno vodi pet obse\u017enih projektov urbane prenove v Ljubljani, med njimi tudi Vilhario, prvo stavbo s certifikatom LEED Platinum v Sloveniji.<\/p>\n<p>[\/et_pb_team_member][et_pb_social_media_follow _builder_version=&#8221;4.27.4&#8243; _module_preset=&#8221;default&#8221; custom_margin=&#8221;0px||||false|false&#8221; custom_padding=&#8221;0px||||false|false&#8221; locked=&#8221;off&#8221; global_colors_info=&#8221;{}&#8221;][et_pb_social_media_follow_network social_network=&#8221;linkedin&#8221; url=&#8221;https:\/\/www.linkedin.com\/in\/michal-maco\/&#8221; _builder_version=&#8221;4.27.4&#8243; _module_preset=&#8221;default&#8221; background_color=&#8221;#476E6B&#8221; background_enable_color=&#8221;on&#8221; border_radii=&#8221;on|100px|100px|100px|100px&#8221; global_colors_info=&#8221;{}&#8221; follow_button=&#8221;off&#8221; url_new_window=&#8221;on&#8221;]linkedin[\/et_pb_social_media_follow_network][\/et_pb_social_media_follow][\/et_pb_column][\/et_pb_row][et_pb_row column_structure=&#8221;1_4,3_4&#8243; make_equal=&#8221;on&#8221; _builder_version=&#8221;4.27.0&#8243; _module_preset=&#8221;default&#8221; global_colors_info=&#8221;{}&#8221;][et_pb_column type=&#8221;1_4&#8243; _builder_version=&#8221;4.27.0&#8243; _module_preset=&#8221;default&#8221; global_colors_info=&#8221;{}&#8221;][et_pb_image src=&#8221;https:\/\/progres-conference.com\/wp-content\/uploads\/2025\/06\/saso_smigic-1.png&#8221; title_text=&#8221;saso_smigic+&#8221; force_fullwidth=&#8221;on&#8221; align_tablet=&#8221;center&#8221; align_phone=&#8221;center&#8221; align_last_edited=&#8221;on|desktop&#8221; _builder_version=&#8221;4.27.4&#8243; border_radii=&#8221;on|790px|790px|790px|790px&#8221; global_colors_info=&#8221;{}&#8221; transform_styles__hover_enabled=&#8221;on|hover&#8221; transform_scale__hover=&#8221;115%|115%&#8221; transform_scale__hover_enabled=&#8221;on|hover&#8221; transform_translate__hover_enabled=&#8221;on|desktop&#8221; transform_rotate__hover_enabled=&#8221;on|desktop&#8221; transform_skew__hover_enabled=&#8221;on|desktop&#8221; transform_origin__hover_enabled=&#8221;on|desktop&#8221;][\/et_pb_image][\/et_pb_column][et_pb_column type=&#8221;3_4&#8243; _builder_version=&#8221;4.27.0&#8243; _module_preset=&#8221;default&#8221; custom_css_main_element=&#8221;align-self: center;&#8221; global_colors_info=&#8221;{}&#8221;][et_pb_team_member name=&#8221;Sa\u0161o \u0160migi\u0107&#8221; position=&#8221;\u010clan uprave, Generali Investments&#8221; icon_color=&#8221;#476E6B&#8221; _builder_version=&#8221;4.27.0&#8243; _module_preset=&#8221;default&#8221; header_font=&#8221;|700|||||||&#8221; position_text_color=&#8221;#8F8F8F&#8221; position_line_height=&#8221;2.5em&#8221; custom_margin=&#8221;||15px||false|false&#8221; custom_padding=&#8221;||0px||false|false&#8221; global_colors_info=&#8221;{}&#8221;]<\/p>\n<p>Sa\u0161o \u0160migi\u0107 je diplomiral na Ekonomski fakulteti v Ljubljani in pridobil strokovni naziv CFA (Chartered Financial Analyst). Kariero je za\u010del kot upravitelj v borznoposredni\u0161ki dru\u017ebi KD BPD, nato pa nadaljeval v dru\u017ebi Generali Investments. Tam je postal vodja analiz in pomo\u010dnik direktorja nalo\u017ebenega sektorja, zatem pa \u0161e direktor sektorja. Danes je \u010dlan uprave dru\u017ebe Generali Investments d.o.o. in upravlja sklade, usmerjene v razvijajo\u010de se trge, med njimi Generali Novi trgi, Generali Indija \u2013 Kitajska in Generali Latinska Amerika.<\/p>\n<p>[\/et_pb_team_member][et_pb_social_media_follow _builder_version=&#8221;4.27.4&#8243; _module_preset=&#8221;default&#8221; custom_margin=&#8221;0px||||false|false&#8221; custom_padding=&#8221;0px||||false|false&#8221; locked=&#8221;off&#8221; global_colors_info=&#8221;{}&#8221;][et_pb_social_media_follow_network social_network=&#8221;linkedin&#8221; url=&#8221;https:\/\/www.linkedin.com\/in\/saso-smigic\/&#8221; _builder_version=&#8221;4.27.4&#8243; _module_preset=&#8221;default&#8221; background_color=&#8221;#476E6B&#8221; background_enable_color=&#8221;on&#8221; border_radii=&#8221;on|100px|100px|100px|100px&#8221; global_colors_info=&#8221;{}&#8221; follow_button=&#8221;off&#8221; url_new_window=&#8221;on&#8221;]linkedin[\/et_pb_social_media_follow_network][\/et_pb_social_media_follow][\/et_pb_column][\/et_pb_row][et_pb_row column_structure=&#8221;1_4,3_4&#8243; make_equal=&#8221;on&#8221; _builder_version=&#8221;4.27.0&#8243; _module_preset=&#8221;default&#8221; global_colors_info=&#8221;{}&#8221;][et_pb_column type=&#8221;1_4&#8243; _builder_version=&#8221;4.27.0&#8243; _module_preset=&#8221;default&#8221; global_colors_info=&#8221;{}&#8221;][et_pb_image src=&#8221;https:\/\/progres-conference.com\/wp-content\/uploads\/2025\/06\/DSC06519-1.png&#8221; title_text=&#8221;DSC06519+&#8221; align_tablet=&#8221;center&#8221; align_phone=&#8221;center&#8221; align_last_edited=&#8221;on|desktop&#8221; _builder_version=&#8221;4.27.4&#8243; border_radii=&#8221;on|790px|790px|790px|790px&#8221; global_colors_info=&#8221;{}&#8221; transform_styles__hover_enabled=&#8221;on|hover&#8221; transform_scale__hover=&#8221;115%|115%&#8221; transform_scale__hover_enabled=&#8221;on|hover&#8221; transform_translate__hover_enabled=&#8221;on|desktop&#8221; transform_rotate__hover_enabled=&#8221;on|desktop&#8221; transform_skew__hover_enabled=&#8221;on|desktop&#8221; transform_origin__hover_enabled=&#8221;on|desktop&#8221;][\/et_pb_image][\/et_pb_column][et_pb_column type=&#8221;3_4&#8243; _builder_version=&#8221;4.27.0&#8243; _module_preset=&#8221;default&#8221; custom_css_main_element=&#8221;align-self: center;&#8221; global_colors_info=&#8221;{}&#8221;][et_pb_team_member name=&#8221;P\u00e1l Forg\u00e1cs &#8221; position=&#8221;Generalni direktor, Mendota Invest &#8221; icon_color=&#8221;#476E6B&#8221; _builder_version=&#8221;4.27.4&#8243; _module_preset=&#8221;default&#8221; header_font=&#8221;|700|||||||&#8221; position_text_color=&#8221;#8F8F8F&#8221; position_line_height=&#8221;2.5em&#8221; custom_margin=&#8221;||15px||false|false&#8221; custom_padding=&#8221;||0px||false|false&#8221; global_colors_info=&#8221;{}&#8221;]<\/p>\n<p>P\u00e1l Forg\u00e1cs od leta 2021 vodi projekt Emonika v Ljubljani, enega najve\u010djih zasebnih investicijskih projektov v Sloveniji, pod njegovim vodstvom pa se je leta 2025 za\u010dela dolgo pri\u010dakovana gradnja. Pred tem je na mednarodni ravni deloval na podro\u010dju financiranja nepremi\u010dnin in biotehnologije, kariero pa je za\u010del v ban\u010dnem sektorju, kjer je 15 let deloval v drugi najve\u010dji mad\u017earski banki ter vodil financiranje nepremi\u010dnin in mednarodno ban\u010dno sodelovanje, s \u010dimer je prispeval k \u0161tevilnim pomembnim razvojnim projektom v regiji.<\/p>\n<p>[\/et_pb_team_member][et_pb_social_media_follow _builder_version=&#8221;4.27.4&#8243; _module_preset=&#8221;default&#8221; custom_margin=&#8221;0px||||false|false&#8221; custom_padding=&#8221;0px||||false|false&#8221; locked=&#8221;off&#8221; global_colors_info=&#8221;{}&#8221;][et_pb_social_media_follow_network social_network=&#8221;linkedin&#8221; url=&#8221;https:\/\/www.linkedin.com\/in\/pal-forgacs-4a279821\/&#8221; _builder_version=&#8221;4.27.4&#8243; _module_preset=&#8221;default&#8221; background_color=&#8221;#476E6B&#8221; background_enable_color=&#8221;on&#8221; border_radii=&#8221;on|100px|100px|100px|100px&#8221; global_colors_info=&#8221;{}&#8221; follow_button=&#8221;off&#8221; url_new_window=&#8221;on&#8221;]linkedin[\/et_pb_social_media_follow_network][\/et_pb_social_media_follow][\/et_pb_column][\/et_pb_row][et_pb_row column_structure=&#8221;1_4,3_4&#8243; make_equal=&#8221;on&#8221; _builder_version=&#8221;4.27.0&#8243; _module_preset=&#8221;default&#8221; global_colors_info=&#8221;{}&#8221;][et_pb_column type=&#8221;1_4&#8243; _builder_version=&#8221;4.27.0&#8243; _module_preset=&#8221;default&#8221; global_colors_info=&#8221;{}&#8221;][et_pb_image src=&#8221;https:\/\/progres-conference.com\/wp-content\/uploads\/2025\/08\/jure1.png&#8221; title_text=&#8221;jure1&#8243; align_tablet=&#8221;center&#8221; align_phone=&#8221;center&#8221; align_last_edited=&#8221;on|desktop&#8221; _builder_version=&#8221;4.27.4&#8243; border_radii=&#8221;on|790px|790px|790px|790px&#8221; global_colors_info=&#8221;{}&#8221; transform_styles__hover_enabled=&#8221;on|hover&#8221; transform_scale__hover=&#8221;115%|115%&#8221; transform_scale__hover_enabled=&#8221;on|hover&#8221; transform_translate__hover_enabled=&#8221;on|desktop&#8221; transform_rotate__hover_enabled=&#8221;on|desktop&#8221; transform_skew__hover_enabled=&#8221;on|desktop&#8221; transform_origin__hover_enabled=&#8221;on|desktop&#8221;][\/et_pb_image][\/et_pb_column][et_pb_column type=&#8221;3_4&#8243; _builder_version=&#8221;4.27.0&#8243; _module_preset=&#8221;default&#8221; custom_css_main_element=&#8221;align-self: center;&#8221; global_colors_info=&#8221;{}&#8221;][et_pb_team_member name=&#8221;Jure Mercina&#8221; position=&#8221;Partner, LeitnerLeitner&#8221; icon_color=&#8221;#476E6B&#8221; _builder_version=&#8221;4.27.4&#8243; _module_preset=&#8221;default&#8221; header_font=&#8221;|700|||||||&#8221; position_text_color=&#8221;#8F8F8F&#8221; position_line_height=&#8221;2.5em&#8221; custom_margin=&#8221;||15px||false|false&#8221; custom_padding=&#8221;||0px||false|false&#8221; global_colors_info=&#8221;{}&#8221;]<\/p>\n<p>Jure Mercina je partner in direktor v dav\u010dno-svetovalni dru\u017ebi LeitnerLeitner Slovenija. Ima ve\u010d kot 15 let izku\u0161enj na podro\u010dju dav\u010dnega svetovanja in dav\u010dnega prava, od tega deset let kot odvetnik. Specializiran je za podro\u010dja neposredne obdav\u010ditve fizi\u010dnih in pravnih oseb ter dav\u010dnega postopka, s posebnim poudarkom na \u010dezmejnih transakcijah. Je avtor \u0161tevilnih strokovnih \u010dlankov ter predava na Slovenskem in\u0161titutu za revizijo (SIR), In\u0161titutu za ra\u010dunovodstvo in Ekonomski fakulteti Univerze v Ljubljani.<\/p>\n<p>[\/et_pb_team_member][et_pb_social_media_follow _builder_version=&#8221;4.27.4&#8243; _module_preset=&#8221;default&#8221; custom_margin=&#8221;0px||||false|false&#8221; custom_padding=&#8221;0px||||false|false&#8221; locked=&#8221;off&#8221; global_colors_info=&#8221;{}&#8221;][et_pb_social_media_follow_network social_network=&#8221;linkedin&#8221; url=&#8221;https:\/\/www.linkedin.com\/in\/pal-forgacs-4a279821\/&#8221; _builder_version=&#8221;4.27.4&#8243; _module_preset=&#8221;default&#8221; background_color=&#8221;#476E6B&#8221; background_enable_color=&#8221;on&#8221; border_radii=&#8221;on|100px|100px|100px|100px&#8221; global_colors_info=&#8221;{}&#8221; follow_button=&#8221;off&#8221; url_new_window=&#8221;on&#8221;]linkedin[\/et_pb_social_media_follow_network][\/et_pb_social_media_follow][\/et_pb_column][\/et_pb_row][\/et_pb_section][et_pb_section fb_built=&#8221;1&#8243; admin_label=&#8221;About&#8221; _builder_version=&#8221;4.27.4&#8243; background_color=&#8221;#FFFFFF&#8221; locked=&#8221;off&#8221; global_colors_info=&#8221;{}&#8221;][et_pb_row column_structure=&#8221;1_4,3_4&#8243; make_equal=&#8221;on&#8221; _builder_version=&#8221;4.27.0&#8243; _module_preset=&#8221;default&#8221; global_colors_info=&#8221;{}&#8221;][et_pb_column type=&#8221;1_4&#8243; _builder_version=&#8221;4.27.0&#8243; _module_preset=&#8221;default&#8221; global_colors_info=&#8221;{}&#8221;][et_pb_image src=&#8221;https:\/\/progres-conference.com\/wp-content\/uploads\/2024\/09\/masa1-1.png&#8221; title_text=&#8221;masa1&#8243; align_tablet=&#8221;center&#8221; align_phone=&#8221;center&#8221; align_last_edited=&#8221;on|desktop&#8221; _builder_version=&#8221;4.27.0&#8243; global_colors_info=&#8221;{}&#8221; transform_styles__hover_enabled=&#8221;on|hover&#8221; transform_scale__hover=&#8221;115%|115%&#8221; transform_scale__hover_enabled=&#8221;on|hover&#8221; transform_translate__hover_enabled=&#8221;on|desktop&#8221; transform_rotate__hover_enabled=&#8221;on|desktop&#8221; transform_skew__hover_enabled=&#8221;on|desktop&#8221; transform_origin__hover_enabled=&#8221;on|desktop&#8221;][\/et_pb_image][\/et_pb_column][et_pb_column type=&#8221;3_4&#8243; _builder_version=&#8221;4.27.0&#8243; _module_preset=&#8221;default&#8221; custom_css_main_element=&#8221;align-self: center;&#8221; global_colors_info=&#8221;{}&#8221;][et_pb_team_member name=&#8221;Ma\u0161a Kramar&#8221; position=&#8221;Partner in odvetnica, Odvetni\u0161ka pisarna Senica &#038; partnerji&#8221; icon_color=&#8221;#476E6B&#8221; _builder_version=&#8221;4.27.4&#8243; _module_preset=&#8221;default&#8221; header_font=&#8221;|700|||||||&#8221; position_text_color=&#8221;#8F8F8F&#8221; position_line_height=&#8221;2.5em&#8221; custom_margin=&#8221;||15px||false|false&#8221; custom_padding=&#8221;||0px||false|false&#8221; global_colors_info=&#8221;{}&#8221;]<\/p>\n<p>Ma\u0161a Kramar je strokovnjakinja na civilnopravnem in gospodarskopravnem podro\u010dju. Njeno glavno podro\u010dje dela predstavljajo vpra\u0161anja s podro\u010dja nepremi\u010dninskega prava, nepremi\u010dninske transakcije, projektni razvoj nepremi\u010dnin, sklepanje gradbenih, prodajnih in najemnih pogodb ter re\u0161evanje sporov. Strankam svetuje tudi pri vpra\u0161anjih pogodbenega, premo\u017eenjskega, od\u0161kodninskega in osebnega prava.<\/p>\n<p>[\/et_pb_team_member][et_pb_social_media_follow _builder_version=&#8221;4.27.4&#8243; _module_preset=&#8221;default&#8221; custom_margin=&#8221;0px||||false|false&#8221; custom_padding=&#8221;0px||||false|false&#8221; locked=&#8221;off&#8221; global_colors_info=&#8221;{}&#8221;][et_pb_social_media_follow_network social_network=&#8221;linkedin&#8221; url=&#8221;https:\/\/www.linkedin.com\/in\/ma%C5%A1a-kramar-ab78ab36\/?originalSubdomain=si&#8221; _builder_version=&#8221;4.27.4&#8243; _module_preset=&#8221;default&#8221; background_color=&#8221;#476E6B&#8221; background_enable_color=&#8221;on&#8221; border_radii=&#8221;on|100px|100px|100px|100px&#8221; global_colors_info=&#8221;{}&#8221; follow_button=&#8221;off&#8221; url_new_window=&#8221;on&#8221;]linkedin[\/et_pb_social_media_follow_network][\/et_pb_social_media_follow][\/et_pb_column][\/et_pb_row][et_pb_row column_structure=&#8221;1_4,3_4&#8243; make_equal=&#8221;on&#8221; _builder_version=&#8221;4.27.0&#8243; _module_preset=&#8221;default&#8221; global_colors_info=&#8221;{}&#8221;][et_pb_column type=&#8221;1_4&#8243; _builder_version=&#8221;4.27.0&#8243; _module_preset=&#8221;default&#8221; global_colors_info=&#8221;{}&#8221;][et_pb_image src=&#8221;https:\/\/progres-conference.com\/wp-content\/uploads\/2025\/07\/AnzeUrevc_stojeca.png&#8221; title_text=&#8221;AnzeUrevc_stojeca&#8221; align_tablet=&#8221;center&#8221; align_phone=&#8221;center&#8221; align_last_edited=&#8221;on|desktop&#8221; _builder_version=&#8221;4.27.4&#8243; transform_scale_last_edited=&#8221;off|desktop&#8221; transform_translate_last_edited=&#8221;off|desktop&#8221; transform_rotate_last_edited=&#8221;off|desktop&#8221; transform_skew_last_edited=&#8221;off|desktop&#8221; transform_origin_last_edited=&#8221;off|desktop&#8221; transform_styles_last_edited=&#8221;off|desktop&#8221; border_radii=&#8221;on|1000000000px|1000000000px|1000000000px|1000000000px&#8221; global_colors_info=&#8221;{}&#8221; transform_styles__hover_enabled=&#8221;on|hover&#8221; transform_scale__hover_enabled=&#8221;on|hover&#8221; transform_translate__hover_enabled=&#8221;on|desktop&#8221; transform_rotate__hover_enabled=&#8221;on|desktop&#8221; transform_skew__hover_enabled=&#8221;on|desktop&#8221; transform_origin__hover_enabled=&#8221;on|desktop&#8221; transform_scale__hover=&#8221;115%|115%&#8221;][\/et_pb_image][\/et_pb_column][et_pb_column type=&#8221;3_4&#8243; _builder_version=&#8221;4.27.0&#8243; _module_preset=&#8221;default&#8221; custom_css_main_element=&#8221;align-self: center;&#8221; global_colors_info=&#8221;{}&#8221;][et_pb_team_member name=&#8221;An\u017ee Urevc&#8221; position=&#8221;Predsednik Zdru\u017eenja upravnikov nepremi\u010dnin, GZS&#8221; icon_color=&#8221;#476E6B&#8221; _builder_version=&#8221;4.27.4&#8243; _module_preset=&#8221;default&#8221; header_font=&#8221;|700|||||||&#8221; position_text_color=&#8221;#8F8F8F&#8221; position_line_height=&#8221;2.5em&#8221; custom_margin=&#8221;||15px||false|false&#8221; custom_padding=&#8221;||0px||false|false&#8221; global_colors_info=&#8221;{}&#8221;]<\/p>\n<p data-start=\"147\" data-end=\"483\">An\u017ee Urevc se z nepremi\u010dninami ukvarja \u017ee 20 let. Je poobla\u0161\u010deni gradbeni in\u017eenir, nepremi\u010dninski posrednik in sodni cenilec. Zaposlen je v podjetju Domplan, d.d., kot vodja poslovne enote Nepremi\u010dnine. Ob tem opravlja tudi funkcijo predsednika Zdru\u017eenja upravnikov nepremi\u010dnin pri GZS.<\/p>\n<p>[\/et_pb_team_member][et_pb_social_media_follow _builder_version=&#8221;4.27.4&#8243; _module_preset=&#8221;default&#8221; custom_margin=&#8221;0px||||false|false&#8221; custom_padding=&#8221;0px||||false|false&#8221; locked=&#8221;off&#8221; global_colors_info=&#8221;{}&#8221;][et_pb_social_media_follow_network social_network=&#8221;linkedin&#8221; url=&#8221;https:\/\/www.linkedin.com\/in\/an%C5%BEe-urevc-a8576010\/?originalSubdomain=si&#8221; _builder_version=&#8221;4.27.4&#8243; _module_preset=&#8221;default&#8221; background_color=&#8221;#476E6B&#8221; background_enable_color=&#8221;on&#8221; border_radii=&#8221;on|100px|100px|100px|100px&#8221; global_colors_info=&#8221;{}&#8221; follow_button=&#8221;off&#8221; url_new_window=&#8221;on&#8221;]linkedin[\/et_pb_social_media_follow_network][\/et_pb_social_media_follow][\/et_pb_column][\/et_pb_row][et_pb_row column_structure=&#8221;1_4,3_4&#8243; make_equal=&#8221;on&#8221; _builder_version=&#8221;4.27.0&#8243; _module_preset=&#8221;default&#8221; global_colors_info=&#8221;{}&#8221;][et_pb_column type=&#8221;1_4&#8243; _builder_version=&#8221;4.27.0&#8243; _module_preset=&#8221;default&#8221; global_colors_info=&#8221;{}&#8221;][et_pb_image src=&#8221;https:\/\/progres-conference.com\/wp-content\/uploads\/2025\/07\/Untitled-411.png&#8221; title_text=&#8221;Untitled-411&#8243; align_tablet=&#8221;center&#8221; align_phone=&#8221;center&#8221; align_last_edited=&#8221;on|desktop&#8221; _builder_version=&#8221;4.27.4&#8243; transform_scale_last_edited=&#8221;off|desktop&#8221; transform_translate_last_edited=&#8221;off|desktop&#8221; transform_rotate_last_edited=&#8221;off|desktop&#8221; transform_skew_last_edited=&#8221;off|desktop&#8221; transform_origin_last_edited=&#8221;off|desktop&#8221; transform_styles_last_edited=&#8221;off|desktop&#8221; border_radii=&#8221;on|1000000000px|1000000000px|1000000000px|1000000000px&#8221; global_colors_info=&#8221;{}&#8221; transform_styles__hover_enabled=&#8221;on|hover&#8221; transform_scale__hover_enabled=&#8221;on|hover&#8221; transform_translate__hover_enabled=&#8221;on|desktop&#8221; transform_rotate__hover_enabled=&#8221;on|desktop&#8221; transform_skew__hover_enabled=&#8221;on|desktop&#8221; transform_origin__hover_enabled=&#8221;on|desktop&#8221; transform_scale__hover=&#8221;115%|115%&#8221;][\/et_pb_image][\/et_pb_column][et_pb_column type=&#8221;3_4&#8243; _builder_version=&#8221;4.27.0&#8243; _module_preset=&#8221;default&#8221; custom_css_main_element=&#8221;align-self: center;&#8221; global_colors_info=&#8221;{}&#8221;][et_pb_team_member name=&#8221;Alenka Kr\u017ean&#8221; position=&#8221;Vodja Slu\u017ebe za finan\u010dno obravnavo kreditov, Eko sklad&#8221; icon_color=&#8221;#476E6B&#8221; _builder_version=&#8221;4.27.4&#8243; _module_preset=&#8221;default&#8221; header_font=&#8221;|700|||||||&#8221; position_text_color=&#8221;#8F8F8F&#8221; position_line_height=&#8221;2.5em&#8221; custom_margin=&#8221;||15px||false|false&#8221; custom_padding=&#8221;||0px||false|false&#8221; global_colors_info=&#8221;{}&#8221;]<\/p>\n<p>Alenka Kr\u017ean je strokovnjakinja na podro\u010dju financiranja okoljskih nalo\u017eb.\u00a0 Ima bogate izku\u0161nje s podro\u010dja razvoja in strukturiranja finan\u010dnih produktov, finan\u010dne presoje nalo\u017eb, upravljanja s tveganji, aktivno pa sodeluje tudi pri na\u010drtovanju strategije delovanja Eko sklada in njenem implementiranju. V zadnjih letih intenzivno dela na oblikovanju finan\u010dnih instrumentov primernih za financiranje nalo\u017eb v ve\u010dstanovanjskih stavbah.<\/p>\n<p>[\/et_pb_team_member][et_pb_social_media_follow _builder_version=&#8221;4.27.4&#8243; _module_preset=&#8221;default&#8221; custom_margin=&#8221;0px||||false|false&#8221; custom_padding=&#8221;0px||||false|false&#8221; locked=&#8221;off&#8221; global_colors_info=&#8221;{}&#8221;][et_pb_social_media_follow_network social_network=&#8221;linkedin&#8221; url=&#8221;https:\/\/www.linkedin.com\/company\/ekosklad-slovenski-okoljski-javni-sklad\/&#8221; _builder_version=&#8221;4.27.4&#8243; _module_preset=&#8221;default&#8221; background_color=&#8221;#476E6B&#8221; background_enable_color=&#8221;on&#8221; border_radii=&#8221;on|100px|100px|100px|100px&#8221; global_colors_info=&#8221;{}&#8221; follow_button=&#8221;off&#8221; url_new_window=&#8221;on&#8221;]linkedin[\/et_pb_social_media_follow_network][\/et_pb_social_media_follow][\/et_pb_column][\/et_pb_row][et_pb_row column_structure=&#8221;1_4,3_4&#8243; make_equal=&#8221;on&#8221; _builder_version=&#8221;4.27.0&#8243; _module_preset=&#8221;default&#8221; global_colors_info=&#8221;{}&#8221;][et_pb_column type=&#8221;1_4&#8243; _builder_version=&#8221;4.27.0&#8243; _module_preset=&#8221;default&#8221; global_colors_info=&#8221;{}&#8221;][et_pb_image src=&#8221;https:\/\/progres-conference.com\/wp-content\/uploads\/2025\/05\/Lunos_24-087.jpg&#8221; title_text=&#8221;Lunos_24-087&#8243; align_tablet=&#8221;center&#8221; align_phone=&#8221;center&#8221; align_last_edited=&#8221;on|desktop&#8221; _builder_version=&#8221;4.27.4&#8243; border_radii=&#8221;on|790px|790px|790px|790px&#8221; global_colors_info=&#8221;{}&#8221; transform_styles__hover_enabled=&#8221;on|hover&#8221; transform_scale__hover=&#8221;115%|115%&#8221; transform_scale__hover_enabled=&#8221;on|hover&#8221; transform_translate__hover_enabled=&#8221;on|desktop&#8221; transform_rotate__hover_enabled=&#8221;on|desktop&#8221; transform_skew__hover_enabled=&#8221;on|desktop&#8221; transform_origin__hover_enabled=&#8221;on|desktop&#8221;][\/et_pb_image][\/et_pb_column][et_pb_column type=&#8221;3_4&#8243; _builder_version=&#8221;4.27.0&#8243; _module_preset=&#8221;default&#8221; custom_css_main_element=&#8221;align-self: center;&#8221; global_colors_info=&#8221;{}&#8221;][et_pb_team_member name=&#8221;Mag. Uro\u0161 Fonovi\u010d&#8221; position=&#8221;Direktor in solastnik podjetja LUNOS Slovenija&#8221; icon_color=&#8221;#476E6B&#8221; _builder_version=&#8221;4.27.4&#8243; _module_preset=&#8221;default&#8221; header_font=&#8221;|700|||||||&#8221; position_text_color=&#8221;#8F8F8F&#8221; position_line_height=&#8221;2.5em&#8221; custom_margin=&#8221;||15px||false|false&#8221; custom_padding=&#8221;||0px||false|false&#8221; global_colors_info=&#8221;{}&#8221;]<\/p>\n<p>Uro\u0161 Fonovi\u010d je univerzitetni diplomirani in\u017eenir gradbeni\u0161tva in magister poslovnih ved z ve\u010d kot 25-letnimi izku\u0161njami na podro\u010djih gradbeni\u0161tva, energetike in strate\u0161kega vodenja podjetij. V svoji karieri se je posve\u010dal projektom energetske prenove, vodenju ve\u010djih organizacijskih enot in oblikovanju razvojnih strategij v podjetjih v procesu prestrukturiranja. Danes se ukvarja z razvojem trajnostnih prezra\u010devalnih re\u0161itev za sodobno gradnjo, pri \u010demer izhaja iz prepri\u010danja, da so kakovost bivanja, energetska u\u010dinkovitost in zdrav notranji prostor nelo\u010dljivo povezani.<\/p>\n<p>[\/et_pb_team_member][et_pb_social_media_follow _builder_version=&#8221;4.27.4&#8243; _module_preset=&#8221;default&#8221; custom_margin=&#8221;0px||||false|false&#8221; custom_padding=&#8221;0px||||false|false&#8221; locked=&#8221;off&#8221; global_colors_info=&#8221;{}&#8221;][et_pb_social_media_follow_network social_network=&#8221;linkedin&#8221; url=&#8221;https:\/\/www.linkedin.com\/in\/uro%C5%A1-fonovi%C4%8D-msc-b62b348b\/?originalSubdomain=si&#8221; _builder_version=&#8221;4.27.4&#8243; _module_preset=&#8221;default&#8221; background_color=&#8221;#476E6B&#8221; background_enable_color=&#8221;on&#8221; border_radii=&#8221;on|100px|100px|100px|100px&#8221; global_colors_info=&#8221;{}&#8221; follow_button=&#8221;off&#8221; url_new_window=&#8221;on&#8221;]linkedin[\/et_pb_social_media_follow_network][\/et_pb_social_media_follow][\/et_pb_column][\/et_pb_row][\/et_pb_section][et_pb_section fb_built=&#8221;1&#8243; admin_label=&#8221;About&#8221; _builder_version=&#8221;4.27.4&#8243; background_color=&#8221;#F2F2F2&#8243; locked=&#8221;off&#8221; global_colors_info=&#8221;{}&#8221;][et_pb_row column_structure=&#8221;1_4,3_4&#8243; make_equal=&#8221;on&#8221; _builder_version=&#8221;4.27.0&#8243; _module_preset=&#8221;default&#8221; global_colors_info=&#8221;{}&#8221;][et_pb_column type=&#8221;1_4&#8243; _builder_version=&#8221;4.27.0&#8243; _module_preset=&#8221;default&#8221; global_colors_info=&#8221;{}&#8221;][et_pb_image src=&#8221;https:\/\/progres-conference.com\/wp-content\/uploads\/2024\/08\/3M_Blaz_Hribar_M.png&#8221; title_text=&#8221;3M_Blaz_Hribar_M&#8221; align_tablet=&#8221;center&#8221; align_phone=&#8221;center&#8221; align_last_edited=&#8221;on|desktop&#8221; _builder_version=&#8221;4.27.0&#8243; transform_scale_last_edited=&#8221;off|desktop&#8221; transform_translate_last_edited=&#8221;off|desktop&#8221; transform_rotate_last_edited=&#8221;off|desktop&#8221; transform_skew_last_edited=&#8221;off|desktop&#8221; transform_origin_last_edited=&#8221;off|desktop&#8221; transform_styles_last_edited=&#8221;off|desktop&#8221; global_colors_info=&#8221;{}&#8221; transform_styles__hover_enabled=&#8221;on|hover&#8221; transform_scale__hover_enabled=&#8221;on|hover&#8221; transform_translate__hover_enabled=&#8221;on|desktop&#8221; transform_rotate__hover_enabled=&#8221;on|desktop&#8221; transform_skew__hover_enabled=&#8221;on|desktop&#8221; transform_origin__hover_enabled=&#8221;on|desktop&#8221; transform_scale__hover=&#8221;115%|115%&#8221;][\/et_pb_image][\/et_pb_column][et_pb_column type=&#8221;3_4&#8243; _builder_version=&#8221;4.27.0&#8243; _module_preset=&#8221;default&#8221; custom_css_main_element=&#8221;align-self: center;&#8221; global_colors_info=&#8221;{}&#8221;][et_pb_team_member name=&#8221;Bla\u017e Hribar&#8221; position=&#8221;CFA, \u010dlan uprave Pokojninska dru\u017eba A, d.d.&#8221; icon_color=&#8221;#476E6B&#8221; _builder_version=&#8221;4.27.0&#8243; _module_preset=&#8221;default&#8221; header_font=&#8221;|700|||||||&#8221; position_text_color=&#8221;#8F8F8F&#8221; position_line_height=&#8221;2.5em&#8221; custom_margin=&#8221;||15px||false|false&#8221; custom_padding=&#8221;||0px||false|false&#8221; global_colors_info=&#8221;{}&#8221;]<\/p>\n<p><span>Bla\u017e Hribar je od leta 2015 \u010dlan uprave Pokojninske dru\u017ebe A, kjer je odgovoren za podro\u010dje upravljanja nalo\u017eb. Pred tem je bil vodja analiz v dru\u017ebi NLB Skladi in ima skoraj dve desetletji izku\u0161enj na podro\u010dju upravljanja premo\u017eenja. Je tudi avtor \u0161tevilnih \u010dlankov ter strokovnih prispevkov s tega podro\u010dja.<\/span><\/p>\n<p>[\/et_pb_team_member][et_pb_social_media_follow _builder_version=&#8221;4.27.0&#8243; _module_preset=&#8221;default&#8221; custom_margin=&#8221;0px||||false|false&#8221; custom_padding=&#8221;0px||||false|false&#8221; locked=&#8221;off&#8221; global_colors_info=&#8221;{}&#8221;][et_pb_social_media_follow_network social_network=&#8221;linkedin&#8221; url=&#8221;https:\/\/www.linkedin.com\/in\/bla%C5%BE-hribar-47a659171\/&#8221; _builder_version=&#8221;4.27.0&#8243; _module_preset=&#8221;default&#8221; background_color=&#8221;#476E6B&#8221; background_enable_color=&#8221;on&#8221; border_radii=&#8221;on|100px|100px|100px|100px&#8221; global_colors_info=&#8221;{}&#8221; follow_button=&#8221;off&#8221; url_new_window=&#8221;on&#8221;]linkedin[\/et_pb_social_media_follow_network][\/et_pb_social_media_follow][\/et_pb_column][\/et_pb_row][et_pb_row column_structure=&#8221;1_4,3_4&#8243; make_equal=&#8221;on&#8221; _builder_version=&#8221;4.27.0&#8243; _module_preset=&#8221;default&#8221; global_colors_info=&#8221;{}&#8221;][et_pb_column type=&#8221;1_4&#8243; _builder_version=&#8221;4.27.0&#8243; _module_preset=&#8221;default&#8221; global_colors_info=&#8221;{}&#8221;][et_pb_image src=&#8221;https:\/\/progres-conference.com\/wp-content\/uploads\/2025\/04\/Marko_sibic.jpg&#8221; title_text=&#8221;Marko_\u0161ibi\u010d&#8221; align_tablet=&#8221;center&#8221; align_phone=&#8221;center&#8221; align_last_edited=&#8221;on|desktop&#8221; _builder_version=&#8221;4.27.4&#8243; border_radii=&#8221;on|1566px|1566px|1566px|1566px&#8221; global_colors_info=&#8221;{}&#8221; transform_styles__hover_enabled=&#8221;on|hover&#8221; transform_scale__hover=&#8221;115%|115%&#8221; transform_scale__hover_enabled=&#8221;on|hover&#8221; transform_translate__hover_enabled=&#8221;on|desktop&#8221; transform_rotate__hover_enabled=&#8221;on|desktop&#8221; transform_skew__hover_enabled=&#8221;on|desktop&#8221; transform_origin__hover_enabled=&#8221;on|desktop&#8221;][\/et_pb_image][\/et_pb_column][et_pb_column type=&#8221;3_4&#8243; _builder_version=&#8221;4.27.0&#8243; _module_preset=&#8221;default&#8221; custom_css_main_element=&#8221;align-self: center;&#8221; global_colors_info=&#8221;{}&#8221;][et_pb_team_member name=&#8221;Marko \u0160ibi\u010d&#8221; position=&#8221;Direktor in solastnik Polfin d.o.o. &#8221; icon_color=&#8221;#476E6B&#8221; _builder_version=&#8221;4.27.0&#8243; _module_preset=&#8221;default&#8221; header_font=&#8221;|700|||||||&#8221; position_text_color=&#8221;#8F8F8F&#8221; position_line_height=&#8221;2.5em&#8221; custom_margin=&#8221;||15px||false|false&#8221; custom_padding=&#8221;||0px||false|false&#8221; global_colors_info=&#8221;{}&#8221;]<\/p>\n<p>Izku\u0161en poslovni direktor in solastnik z ve\u010d kot 8-letnimi izku\u0161njami v finan\u010dnem sektorju, z mo\u010dnim ozadjem na podro\u010dju financiranja, faktoringa in upravljanja tveganj. Specializiran za ocenjevanje finan\u010dnih prilo\u017enosti, strukturiranje poslov in podporo strankam v razli\u010dnih panogah. Aktivno sodeluje tudi pri na\u010drtovanju IT re\u0161itev za podporo poslovnim procesom. Predan spodbujanju inovacij in trajnostne rasti v spreminjajo\u010dem se finan\u010dnem okolju.<\/p>\n<p>[\/et_pb_team_member][et_pb_social_media_follow _builder_version=&#8221;4.27.4&#8243; _module_preset=&#8221;default&#8221; custom_margin=&#8221;0px||||false|false&#8221; custom_padding=&#8221;0px||||false|false&#8221; locked=&#8221;off&#8221; global_colors_info=&#8221;{}&#8221;][et_pb_social_media_follow_network social_network=&#8221;linkedin&#8221; url=&#8221;https:\/\/si.linkedin.com\/in\/marko-%C5%A1ibi%C4%8D-a8b936160&#8243; _builder_version=&#8221;4.27.4&#8243; _module_preset=&#8221;default&#8221; background_color=&#8221;#476E6B&#8221; background_enable_color=&#8221;on&#8221; border_radii=&#8221;on|100px|100px|100px|100px&#8221; global_colors_info=&#8221;{}&#8221; follow_button=&#8221;off&#8221; url_new_window=&#8221;on&#8221;]linkedin[\/et_pb_social_media_follow_network][\/et_pb_social_media_follow][\/et_pb_column][\/et_pb_row][et_pb_row column_structure=&#8221;1_4,3_4&#8243; make_equal=&#8221;on&#8221; _builder_version=&#8221;4.27.0&#8243; _module_preset=&#8221;default&#8221; global_colors_info=&#8221;{}&#8221;][et_pb_column type=&#8221;1_4&#8243; _builder_version=&#8221;4.27.0&#8243; _module_preset=&#8221;default&#8221; global_colors_info=&#8221;{}&#8221;][et_pb_image src=&#8221;https:\/\/progres-conference.com\/wp-content\/uploads\/2025\/04\/1637227275826.jpg&#8221; title_text=&#8221;1637227275826&#8243; align_tablet=&#8221;center&#8221; align_phone=&#8221;center&#8221; align_last_edited=&#8221;on|desktop&#8221; _builder_version=&#8221;4.27.4&#8243; border_radii=&#8221;on|790px|790px|790px|790px&#8221; global_colors_info=&#8221;{}&#8221; transform_styles__hover_enabled=&#8221;on|hover&#8221; transform_scale__hover=&#8221;115%|115%&#8221; transform_scale__hover_enabled=&#8221;on|hover&#8221; transform_translate__hover_enabled=&#8221;on|desktop&#8221; transform_rotate__hover_enabled=&#8221;on|desktop&#8221; transform_skew__hover_enabled=&#8221;on|desktop&#8221; transform_origin__hover_enabled=&#8221;on|desktop&#8221;][\/et_pb_image][\/et_pb_column][et_pb_column type=&#8221;3_4&#8243; _builder_version=&#8221;4.27.0&#8243; _module_preset=&#8221;default&#8221; custom_css_main_element=&#8221;align-self: center;&#8221; global_colors_info=&#8221;{}&#8221;][et_pb_team_member name=&#8221;Julius Meinl&#8221; position=&#8221;CEO, Julius Meinl Living&#8221; icon_color=&#8221;#476E6B&#8221; _builder_version=&#8221;4.27.0&#8243; _module_preset=&#8221;default&#8221; header_font=&#8221;|700|||||||&#8221; position_text_color=&#8221;#8F8F8F&#8221; position_line_height=&#8221;2.5em&#8221; custom_margin=&#8221;||15px||false|false&#8221; custom_padding=&#8221;||0px||false|false&#8221; global_colors_info=&#8221;{}&#8221;]<\/p>\n<p>Julius Meinl VI je glavni izvr\u0161ni direktor podjetja Julius Meinl Living, ki se ukvarja z razvojem, upravljanjem in lastni\u0161tvom luksuznih hotelskih rezidenc pod blagovno znamko The Julius. Skupina deluje v Pragi, Bukare\u0161ti in Budimpe\u0161ti ter na\u010drtuje \u0161iritev v glavna politi\u010dna in gospodarska sredi\u0161\u010da Evrope. Ima ve\u010d kot desetletje izku\u0161enj na podro\u010dju neposrednih nalo\u017eb in nepremi\u010dnin, pred tem pa je deloval v podjetjih Colony Capital in Credit Suisse.<\/p>\n<p>[\/et_pb_team_member][et_pb_social_media_follow _builder_version=&#8221;4.27.4&#8243; _module_preset=&#8221;default&#8221; custom_margin=&#8221;0px||||false|false&#8221; custom_padding=&#8221;0px||||false|false&#8221; locked=&#8221;off&#8221; global_colors_info=&#8221;{}&#8221;][et_pb_social_media_follow_network social_network=&#8221;linkedin&#8221; url=&#8221;https:\/\/uk.linkedin.com\/in\/julius-meinl-25577017&#8243; _builder_version=&#8221;4.27.4&#8243; _module_preset=&#8221;default&#8221; background_color=&#8221;#476E6B&#8221; background_enable_color=&#8221;on&#8221; border_radii=&#8221;on|100px|100px|100px|100px&#8221; global_colors_info=&#8221;{}&#8221; follow_button=&#8221;off&#8221; url_new_window=&#8221;on&#8221;]linkedin[\/et_pb_social_media_follow_network][\/et_pb_social_media_follow][\/et_pb_column][\/et_pb_row][\/et_pb_section][et_pb_section fb_built=&#8221;1&#8243; admin_label=&#8221;About&#8221; _builder_version=&#8221;4.27.4&#8243; background_color=&#8221;#FFFFFF&#8221; locked=&#8221;off&#8221; global_colors_info=&#8221;{}&#8221;][et_pb_row column_structure=&#8221;1_4,3_4&#8243; make_equal=&#8221;on&#8221; _builder_version=&#8221;4.27.0&#8243; _module_preset=&#8221;default&#8221; global_colors_info=&#8221;{}&#8221;][et_pb_column type=&#8221;1_4&#8243; _builder_version=&#8221;4.27.0&#8243; _module_preset=&#8221;default&#8221; global_colors_info=&#8221;{}&#8221;][et_pb_image src=&#8221;https:\/\/progres-conference.com\/wp-content\/uploads\/2025\/06\/retusa_PORTRETI0120.jpg&#8221; title_text=&#8221;_retu\u0161a_PORTRETI0120&#8243; align_tablet=&#8221;center&#8221; align_phone=&#8221;center&#8221; align_last_edited=&#8221;on|desktop&#8221; _builder_version=&#8221;4.27.4&#8243; border_radii=&#8221;on|790px|790px|790px|790px&#8221; global_colors_info=&#8221;{}&#8221; transform_styles__hover_enabled=&#8221;on|hover&#8221; transform_scale__hover=&#8221;115%|115%&#8221; transform_scale__hover_enabled=&#8221;on|hover&#8221; transform_translate__hover_enabled=&#8221;on|desktop&#8221; transform_rotate__hover_enabled=&#8221;on|desktop&#8221; transform_skew__hover_enabled=&#8221;on|desktop&#8221; transform_origin__hover_enabled=&#8221;on|desktop&#8221;][\/et_pb_image][\/et_pb_column][et_pb_column type=&#8221;3_4&#8243; _builder_version=&#8221;4.27.0&#8243; _module_preset=&#8221;default&#8221; custom_css_main_element=&#8221;align-self: center;&#8221; global_colors_info=&#8221;{}&#8221;][et_pb_team_member name=&#8221;Almir D\u017eamd\u017ei\u0107&#8221; position=&#8221;Partner, ReCreate&#8221; icon_color=&#8221;#476E6B&#8221; _builder_version=&#8221;4.27.4&#8243; _module_preset=&#8221;default&#8221; header_font=&#8221;|700|||||||&#8221; position_text_color=&#8221;#8F8F8F&#8221; position_line_height=&#8221;2.5em&#8221; custom_margin=&#8221;||15px||false|false&#8221; custom_padding=&#8221;||0px||false|false&#8221; global_colors_info=&#8221;{}&#8221;]<\/p>\n<p><span>Soustanovitelj in solastnik podjetja ReCreate, upravljanje nepremi\u010dnin in investicije \u2013 dru\u017ebe za celovito nepremi\u010dninsko svetovanje. Ima dve desetletji izku\u0161enj na podro\u010dju razvoja investicijskih projektov, upravljanja nepremi\u010dninskega portfelja ter svetovanja pri strate\u0161kih nepremi\u010dninskih odlo\u010ditvah. Njegov pristop zdru\u017euje strokovno tehni\u010dno znanje z razumevanjem tr\u017enih in pravnih vidikov nepremi\u010dninskega sektorja. <\/span><\/p>\n<p>[\/et_pb_team_member][et_pb_social_media_follow _builder_version=&#8221;4.27.4&#8243; _module_preset=&#8221;default&#8221; custom_margin=&#8221;0px||||false|false&#8221; custom_padding=&#8221;0px||||false|false&#8221; locked=&#8221;off&#8221; global_colors_info=&#8221;{}&#8221;][et_pb_social_media_follow_network social_network=&#8221;linkedin&#8221; url=&#8221;https:\/\/www.linkedin.com\/in\/almir-d%C5%BEamd%C5%BEi%C4%87-4236b5a2\/?originalSubdomain=si&#8221; _builder_version=&#8221;4.27.4&#8243; _module_preset=&#8221;default&#8221; background_color=&#8221;#476E6B&#8221; background_enable_color=&#8221;on&#8221; border_radii=&#8221;on|100px|100px|100px|100px&#8221; global_colors_info=&#8221;{}&#8221; follow_button=&#8221;off&#8221; url_new_window=&#8221;on&#8221;]linkedin[\/et_pb_social_media_follow_network][\/et_pb_social_media_follow][\/et_pb_column][\/et_pb_row][et_pb_row column_structure=&#8221;1_4,3_4&#8243; make_equal=&#8221;on&#8221; _builder_version=&#8221;4.27.0&#8243; _module_preset=&#8221;default&#8221; global_colors_info=&#8221;{}&#8221;][et_pb_column type=&#8221;1_4&#8243; _builder_version=&#8221;4.27.0&#8243; _module_preset=&#8221;default&#8221; global_colors_info=&#8221;{}&#8221;][et_pb_image src=&#8221;https:\/\/progres-conference.com\/wp-content\/uploads\/2025\/06\/Tatijana-Osterc.jpg&#8221; title_text=&#8221;Tatijana Osterc&#8221; align_tablet=&#8221;center&#8221; align_phone=&#8221;center&#8221; align_last_edited=&#8221;on|desktop&#8221; _builder_version=&#8221;4.27.4&#8243; border_radii=&#8221;on|790px|790px|790px|790px&#8221; global_colors_info=&#8221;{}&#8221; transform_styles__hover_enabled=&#8221;on|hover&#8221; transform_scale__hover=&#8221;115%|115%&#8221; transform_scale__hover_enabled=&#8221;on|hover&#8221; transform_translate__hover_enabled=&#8221;on|desktop&#8221; transform_rotate__hover_enabled=&#8221;on|desktop&#8221; transform_skew__hover_enabled=&#8221;on|desktop&#8221; transform_origin__hover_enabled=&#8221;on|desktop&#8221;][\/et_pb_image][\/et_pb_column][et_pb_column type=&#8221;3_4&#8243; _builder_version=&#8221;4.27.0&#8243; _module_preset=&#8221;default&#8221; custom_css_main_element=&#8221;align-self: center;&#8221; global_colors_info=&#8221;{}&#8221;][et_pb_team_member name=&#8221;Tatijana Osterc&#8221; position=&#8221;Prokurist in Vodja Financ Philip Morris Ljubljana&#8221; icon_color=&#8221;#476E6B&#8221; _builder_version=&#8221;4.27.4&#8243; _module_preset=&#8221;default&#8221; header_font=&#8221;|700|||||||&#8221; position_text_color=&#8221;#8F8F8F&#8221; position_line_height=&#8221;2.5em&#8221; custom_margin=&#8221;||15px||false|false&#8221; custom_padding=&#8221;||0px||false|false&#8221; global_colors_info=&#8221;{}&#8221;]<\/p>\n<p>Tatijana je izku\u0161ena finan\u010dna strokovnjakinja z dolgoletno kariero v podjetju Philip Morris Ljubljana, kjer sodeluje in vodi \u00a0klju\u010dne finan\u010dne in dav\u010dne projekte. Skozi celotno kariero je uspe\u0161no vodila projektne time ter aktivno prispevala k \u0161tevilnim prodajnim in poslovnim iniciativam. Znanje uspe\u0161no nadgrajuje s certifikati s podro\u010dja inovativne uporabe finan\u010dnih matric in poslovnega na\u010drtovanja.<\/p>\n<p>[\/et_pb_team_member][et_pb_social_media_follow _builder_version=&#8221;4.27.4&#8243; _module_preset=&#8221;default&#8221; custom_margin=&#8221;0px||||false|false&#8221; custom_padding=&#8221;0px||||false|false&#8221; locked=&#8221;off&#8221; global_colors_info=&#8221;{}&#8221;][et_pb_social_media_follow_network social_network=&#8221;linkedin&#8221; url=&#8221;https:\/\/www.linkedin.com\/in\/tatijana-osterc-146bbb166\/&#8221; _builder_version=&#8221;4.27.4&#8243; _module_preset=&#8221;default&#8221; background_color=&#8221;#476E6B&#8221; background_enable_color=&#8221;on&#8221; border_radii=&#8221;on|100px|100px|100px|100px&#8221; global_colors_info=&#8221;{}&#8221; follow_button=&#8221;off&#8221; url_new_window=&#8221;on&#8221;]linkedin[\/et_pb_social_media_follow_network][\/et_pb_social_media_follow][\/et_pb_column][\/et_pb_row][\/et_pb_section][et_pb_section fb_built=&#8221;1&#8243; admin_label=&#8221;About&#8221; _builder_version=&#8221;4.27.4&#8243; background_color=&#8221;#F2F2F2&#8243; locked=&#8221;off&#8221; global_colors_info=&#8221;{}&#8221;][et_pb_row column_structure=&#8221;1_4,3_4&#8243; make_equal=&#8221;on&#8221; _builder_version=&#8221;4.27.0&#8243; _module_preset=&#8221;default&#8221; global_colors_info=&#8221;{}&#8221;][et_pb_column type=&#8221;1_4&#8243; _builder_version=&#8221;4.27.0&#8243; _module_preset=&#8221;default&#8221; global_colors_info=&#8221;{}&#8221;][et_pb_image src=&#8221;https:\/\/progres-conference.com\/wp-content\/uploads\/2025\/06\/whitebg_samuel_sura_smaller-1.webp&#8221; title_text=&#8221;whitebg_samuel_sura_smaller&#8221; align_tablet=&#8221;center&#8221; align_phone=&#8221;center&#8221; align_last_edited=&#8221;on|desktop&#8221; _builder_version=&#8221;4.27.4&#8243; transform_scale_last_edited=&#8221;off|desktop&#8221; transform_translate_last_edited=&#8221;off|desktop&#8221; transform_rotate_last_edited=&#8221;off|desktop&#8221; transform_skew_last_edited=&#8221;off|desktop&#8221; transform_origin_last_edited=&#8221;off|desktop&#8221; transform_styles_last_edited=&#8221;off|desktop&#8221; border_radii=&#8221;on|1000000000px|1000000000px|1000000000px|1000000000px&#8221; global_colors_info=&#8221;{}&#8221; transform_styles__hover_enabled=&#8221;on|hover&#8221; transform_scale__hover_enabled=&#8221;on|hover&#8221; transform_translate__hover_enabled=&#8221;on|desktop&#8221; transform_rotate__hover_enabled=&#8221;on|desktop&#8221; transform_skew__hover_enabled=&#8221;on|desktop&#8221; transform_origin__hover_enabled=&#8221;on|desktop&#8221; transform_scale__hover=&#8221;115%|115%&#8221;][\/et_pb_image][\/et_pb_column][et_pb_column type=&#8221;3_4&#8243; _builder_version=&#8221;4.27.0&#8243; _module_preset=&#8221;default&#8221; custom_css_main_element=&#8221;align-self: center;&#8221; global_colors_info=&#8221;{}&#8221;][et_pb_team_member name=&#8221;Samuel S\u016fra&#8221; position=&#8221;Direktor, Salvis &#8221; icon_color=&#8221;#476E6B&#8221; _builder_version=&#8221;4.27.0&#8243; _module_preset=&#8221;default&#8221; header_font=&#8221;|700|||||||&#8221; position_text_color=&#8221;#8F8F8F&#8221; position_line_height=&#8221;2.5em&#8221; custom_margin=&#8221;||15px||false|false&#8221; custom_padding=&#8221;||0px||false|false&#8221; global_colors_info=&#8221;{}&#8221;]<\/p>\n<p data-start=\"147\" data-end=\"483\">Samuel S\u016fra je soustanovitelj in direktor podjetja SALVIS, ki je specializirano za oglji\u010dno nevtralne stavbe, soseske in mesta z mo\u010dno usmeritvijo v podnebno odpornost in ESG skladnost. Z ve\u010d kot 13-letnimi izku\u0161njami na podro\u010dju trajnostnih certifikacij ima klju\u010dno vlogo pri razvoju zelenega gradbeni\u0161tva v srednji in vzhodni Evropi. Vodi ekipo, ki je uspe\u0161no izvedla ve\u010d kot 25 certifikacij LEED in BREEAM, vklju\u010dno z ve\u010d projekti na ravni PLATINUM. Samuel je tudi eden prvih strokovnjakov, ki je pridobil certifikate LEED, WELL in BREEAM v regiji ter vodil prvi stanovanjski projekt z LEED PLATINUM in pasivno certifikacijo v regiji. Poleg tega razvija tudi digitalne re\u0161itve na podro\u010dju okoljskih deklaracij gradbenih materialov.<\/p>\n<p>[\/et_pb_team_member][et_pb_social_media_follow _builder_version=&#8221;4.27.4&#8243; _module_preset=&#8221;default&#8221; custom_margin=&#8221;0px||||false|false&#8221; custom_padding=&#8221;0px||||false|false&#8221; locked=&#8221;off&#8221; global_colors_info=&#8221;{}&#8221;][et_pb_social_media_follow_network social_network=&#8221;linkedin&#8221; url=&#8221;https:\/\/www.linkedin.com\/in\/samuel-sura-a2507a31\/?originalSubdomain=sk&#8221; _builder_version=&#8221;4.27.4&#8243; _module_preset=&#8221;default&#8221; background_color=&#8221;#476E6B&#8221; background_enable_color=&#8221;on&#8221; border_radii=&#8221;on|100px|100px|100px|100px&#8221; global_colors_info=&#8221;{}&#8221; follow_button=&#8221;off&#8221; url_new_window=&#8221;on&#8221;]linkedin[\/et_pb_social_media_follow_network][\/et_pb_social_media_follow][\/et_pb_column][\/et_pb_row][\/et_pb_section][et_pb_section fb_built=&#8221;1&#8243; custom_padding_last_edited=&#8221;on|desktop&#8221; _builder_version=&#8221;4.27.0&#8243; _module_preset=&#8221;default&#8221; background_image=&#8221;https:\/\/progres-conference.com\/wp-content\/uploads\/2024\/08\/gradient_ozadje-optimizirano.webp&#8221; custom_padding=&#8221;120px||120px||true|false&#8221; custom_padding_tablet=&#8221;80px||80px||true|false&#8221; custom_padding_phone=&#8221;50px||50px||true|false&#8221; locked=&#8221;off&#8221; global_colors_info=&#8221;{}&#8221;][et_pb_row _builder_version=&#8221;4.27.0&#8243; _module_preset=&#8221;default&#8221; global_colors_info=&#8221;{}&#8221;][et_pb_column type=&#8221;4_4&#8243; _builder_version=&#8221;4.27.0&#8243; _module_preset=&#8221;default&#8221; global_colors_info=&#8221;{}&#8221;][et_pb_text _builder_version=&#8221;4.27.0&#8243; _module_preset=&#8221;default&#8221; header_font=&#8221;|||on|||||&#8221; header_text_align=&#8221;center&#8221; header_font_size=&#8221;40px&#8221; header_letter_spacing=&#8221;2px&#8221; background_layout=&#8221;dark&#8221; header_font_size_tablet=&#8221;&#8221; header_font_size_phone=&#8221;30px&#8221; header_font_size_last_edited=&#8221;on|phone&#8221; global_colors_info=&#8221;{}&#8221;]<\/p>\n<h1>PRETEKLI PANELISTI<\/h1>\n<p>[\/et_pb_text][\/et_pb_column][\/et_pb_row][\/et_pb_section][et_pb_section fb_built=&#8221;1&#8243; admin_label=&#8221;About&#8221; _builder_version=&#8221;4.27.0&#8243; background_enable_color=&#8221;off&#8221; locked=&#8221;off&#8221; global_colors_info=&#8221;{}&#8221;][et_pb_row column_structure=&#8221;1_4,1_4,1_4,1_4&#8243; make_equal=&#8221;on&#8221; _builder_version=&#8221;4.27.4&#8243; _module_preset=&#8221;default&#8221; global_colors_info=&#8221;{}&#8221;][et_pb_column type=&#8221;1_4&#8243; _builder_version=&#8221;4.27.4&#8243; _module_preset=&#8221;default&#8221; global_colors_info=&#8221;{}&#8221;][et_pb_image src=&#8221;https:\/\/progres-conference.com\/wp-content\/uploads\/2024\/08\/1M_Sanja_Jandric.png&#8221; title_text=&#8221;1M_Sanja_Jandric&#8221; align_tablet=&#8221;center&#8221; align_phone=&#8221;center&#8221; align_last_edited=&#8221;on|desktop&#8221; _builder_version=&#8221;4.27.4&#8243; transform_scale_last_edited=&#8221;off|desktop&#8221; transform_translate_last_edited=&#8221;off|desktop&#8221; transform_rotate_last_edited=&#8221;off|desktop&#8221; transform_skew_last_edited=&#8221;off|desktop&#8221; transform_origin_last_edited=&#8221;off|desktop&#8221; transform_styles_last_edited=&#8221;off|desktop&#8221; global_colors_info=&#8221;{}&#8221; transform_styles__hover_enabled=&#8221;on|hover&#8221; transform_scale__hover_enabled=&#8221;on|hover&#8221; transform_translate__hover_enabled=&#8221;on|desktop&#8221; transform_rotate__hover_enabled=&#8221;on|desktop&#8221; transform_skew__hover_enabled=&#8221;on|desktop&#8221; transform_origin__hover_enabled=&#8221;on|desktop&#8221; transform_scale__hover=&#8221;115%|115%&#8221;][\/et_pb_image][et_pb_team_member name=&#8221;Sanja Jandri\u0107&#8221; position=&#8221;Colliers Slovenija &#8221; icon_color=&#8221;#476E6B&#8221; _builder_version=&#8221;4.27.4&#8243; _module_preset=&#8221;default&#8221; header_font=&#8221;|700|||||||&#8221; header_font_size=&#8221;14px&#8221; position_text_color=&#8221;#8F8F8F&#8221; position_font_size=&#8221;12px&#8221; position_line_height=&#8221;2.5em&#8221; text_orientation=&#8221;center&#8221; custom_margin=&#8221;||15px||false|false&#8221; custom_padding=&#8221;||0px||false|false&#8221; global_colors_info=&#8221;{}&#8221;][\/et_pb_team_member][et_pb_social_media_follow _builder_version=&#8221;4.27.4&#8243; _module_preset=&#8221;default&#8221; text_orientation=&#8221;center&#8221; custom_margin=&#8221;0px||||false|false&#8221; custom_padding=&#8221;0px||||false|false&#8221; global_colors_info=&#8221;{}&#8221;][et_pb_social_media_follow_network social_network=&#8221;linkedin&#8221; url=&#8221;https:\/\/www.linkedin.com\/in\/sanja-jandric-056180251\/&#8221; _builder_version=&#8221;4.27.0&#8243; _module_preset=&#8221;default&#8221; background_color=&#8221;#476E6B&#8221; background_enable_color=&#8221;on&#8221; border_radii=&#8221;on|100px|100px|100px|100px&#8221; global_colors_info=&#8221;{}&#8221; follow_button=&#8221;off&#8221; url_new_window=&#8221;on&#8221;]linkedin[\/et_pb_social_media_follow_network][\/et_pb_social_media_follow][\/et_pb_column][et_pb_column type=&#8221;1_4&#8243; _builder_version=&#8221;4.27.4&#8243; _module_preset=&#8221;default&#8221; global_colors_info=&#8221;{}&#8221;][et_pb_image src=&#8221;https:\/\/progres-conference.com\/wp-content\/uploads\/2024\/08\/1P_Gregor_Rozma.png&#8221; title_text=&#8221;1P_Gregor_Rozma&#8221; align_tablet=&#8221;center&#8221; align_phone=&#8221;center&#8221; align_last_edited=&#8221;on|desktop&#8221; _builder_version=&#8221;4.27.0&#8243; global_colors_info=&#8221;{}&#8221; transform_styles__hover_enabled=&#8221;on|hover&#8221; transform_scale__hover=&#8221;115%|115%&#8221; transform_scale__hover_enabled=&#8221;on|hover&#8221; transform_translate__hover_enabled=&#8221;on|desktop&#8221; transform_rotate__hover_enabled=&#8221;on|desktop&#8221; transform_skew__hover_enabled=&#8221;on|desktop&#8221; transform_origin__hover_enabled=&#8221;on|desktop&#8221;][\/et_pb_image][et_pb_team_member name=&#8221;Gregor Ro\u017eman&#8221; position=&#8221; WestLink CAMPUS&#8221; icon_color=&#8221;#476E6B&#8221; _builder_version=&#8221;4.27.4&#8243; _module_preset=&#8221;default&#8221; header_font=&#8221;|700|||||||&#8221; header_font_size=&#8221;14px&#8221; position_text_color=&#8221;#8F8F8F&#8221; position_font_size=&#8221;12px&#8221; position_line_height=&#8221;2.5em&#8221; text_orientation=&#8221;center&#8221; custom_margin=&#8221;||15px||false|false&#8221; custom_padding=&#8221;||0px||false|false&#8221; global_colors_info=&#8221;{}&#8221;][\/et_pb_team_member][et_pb_social_media_follow _builder_version=&#8221;4.27.4&#8243; _module_preset=&#8221;default&#8221; text_orientation=&#8221;center&#8221; custom_margin=&#8221;0px||||false|false&#8221; custom_padding=&#8221;0px||||false|false&#8221; global_colors_info=&#8221;{}&#8221;][et_pb_social_media_follow_network social_network=&#8221;linkedin&#8221; url=&#8221;https:\/\/www.linkedin.com\/in\/gregor-rozman\/&#8221; _builder_version=&#8221;4.27.0&#8243; _module_preset=&#8221;default&#8221; background_color=&#8221;#476E6B&#8221; background_enable_color=&#8221;on&#8221; border_radii=&#8221;on|100px|100px|100px|100px&#8221; global_colors_info=&#8221;{}&#8221; follow_button=&#8221;off&#8221; url_new_window=&#8221;on&#8221;]linkedin[\/et_pb_social_media_follow_network][\/et_pb_social_media_follow][\/et_pb_column][et_pb_column type=&#8221;1_4&#8243; _builder_version=&#8221;4.27.0&#8243; _module_preset=&#8221;default&#8221; custom_css_main_element=&#8221;align-self: center;&#8221; global_colors_info=&#8221;{}&#8221;][et_pb_image src=&#8221;https:\/\/progres-conference.com\/wp-content\/uploads\/2024\/08\/Andrea-Rossler.png&#8221; title_text=&#8221;Andrea R\u00f6ssler&#8221; align_tablet=&#8221;center&#8221; align_phone=&#8221;center&#8221; align_last_edited=&#8221;on|desktop&#8221; _builder_version=&#8221;4.27.4&#8243; custom_margin=&#8221;0px||||false|false&#8221; custom_padding=&#8221;0px||||false|false&#8221; global_colors_info=&#8221;{}&#8221; transform_styles__hover_enabled=&#8221;on|hover&#8221; transform_scale__hover=&#8221;115%|115%&#8221; transform_scale__hover_enabled=&#8221;on|hover&#8221; transform_translate__hover_enabled=&#8221;on|desktop&#8221; transform_rotate__hover_enabled=&#8221;on|desktop&#8221; transform_skew__hover_enabled=&#8221;on|desktop&#8221; transform_origin__hover_enabled=&#8221;on|desktop&#8221;][\/et_pb_image][et_pb_team_member name=&#8221;Andrea R\u00f6ssler&#8221; position=&#8221;Atrios Development&#8221; icon_color=&#8221;#476E6B&#8221; _builder_version=&#8221;4.27.4&#8243; _module_preset=&#8221;default&#8221; header_font=&#8221;|700|||||||&#8221; header_font_size=&#8221;14px&#8221; position_text_color=&#8221;#8F8F8F&#8221; position_font_size=&#8221;12px&#8221; position_line_height=&#8221;2.5em&#8221; text_orientation=&#8221;center&#8221; custom_margin=&#8221;||15px||false|false&#8221; custom_padding=&#8221;||0px||false|false&#8221; global_colors_info=&#8221;{}&#8221;][\/et_pb_team_member][et_pb_social_media_follow _builder_version=&#8221;4.27.4&#8243; _module_preset=&#8221;default&#8221; text_orientation=&#8221;center&#8221; custom_margin=&#8221;0px||||false|false&#8221; custom_padding=&#8221;0px||||false|false&#8221; global_colors_info=&#8221;{}&#8221;][et_pb_social_media_follow_network social_network=&#8221;linkedin&#8221; url=&#8221;https:\/\/www.linkedin.com\/in\/andrea-rossler-a4a347b\/&#8221; _builder_version=&#8221;4.27.0&#8243; _module_preset=&#8221;default&#8221; background_color=&#8221;#476E6B&#8221; background_enable_color=&#8221;on&#8221; border_radii=&#8221;on|100px|100px|100px|100px&#8221; global_colors_info=&#8221;{}&#8221; follow_button=&#8221;off&#8221; url_new_window=&#8221;on&#8221;]linkedin[\/et_pb_social_media_follow_network][\/et_pb_social_media_follow][\/et_pb_column][et_pb_column type=&#8221;1_4&#8243; _builder_version=&#8221;4.27.0&#8243; _module_preset=&#8221;default&#8221; custom_css_main_element=&#8221;align-self: center;&#8221; global_colors_info=&#8221;{}&#8221;][et_pb_image src=&#8221;https:\/\/progres-conference.com\/wp-content\/uploads\/2024\/08\/Untitled-design-2.png&#8221; title_text=&#8221;Untitled design (2)&#8221; align_tablet=&#8221;center&#8221; align_phone=&#8221;center&#8221; align_last_edited=&#8221;on|desktop&#8221; _builder_version=&#8221;4.27.0&#8243; global_colors_info=&#8221;{}&#8221; transform_styles__hover_enabled=&#8221;on|hover&#8221; transform_scale__hover=&#8221;115%|115%&#8221; transform_scale__hover_enabled=&#8221;on|hover&#8221; transform_translate__hover_enabled=&#8221;on|desktop&#8221; transform_rotate__hover_enabled=&#8221;on|desktop&#8221; transform_skew__hover_enabled=&#8221;on|desktop&#8221; transform_origin__hover_enabled=&#8221;on|desktop&#8221;][\/et_pb_image][et_pb_team_member name=&#8221;Tomislav \u010ceh&#8221; position=&#8221;PKF Hospitality&#8221; icon_color=&#8221;#476E6B&#8221; _builder_version=&#8221;4.27.4&#8243; _module_preset=&#8221;default&#8221; header_font=&#8221;|700|||||||&#8221; header_font_size=&#8221;14px&#8221; position_text_color=&#8221;#8F8F8F&#8221; position_font_size=&#8221;12px&#8221; position_line_height=&#8221;2.5em&#8221; text_orientation=&#8221;center&#8221; custom_margin=&#8221;||15px||false|false&#8221; custom_padding=&#8221;||0px||false|false&#8221; global_colors_info=&#8221;{}&#8221;][\/et_pb_team_member][et_pb_social_media_follow _builder_version=&#8221;4.27.4&#8243; _module_preset=&#8221;default&#8221; text_orientation=&#8221;center&#8221; custom_margin=&#8221;0px||||false|false&#8221; custom_padding=&#8221;0px||||false|false&#8221; global_colors_info=&#8221;{}&#8221;][et_pb_social_media_follow_network social_network=&#8221;linkedin&#8221; url=&#8221;https:\/\/www.linkedin.com\/in\/tomislav-%C4%8Deh-4952b34\/&#8221; _builder_version=&#8221;4.27.0&#8243; _module_preset=&#8221;default&#8221; background_color=&#8221;#476E6B&#8221; background_enable_color=&#8221;on&#8221; border_radii=&#8221;on|100px|100px|100px|100px&#8221; global_colors_info=&#8221;{}&#8221; follow_button=&#8221;off&#8221; url_new_window=&#8221;on&#8221;]linkedin[\/et_pb_social_media_follow_network][\/et_pb_social_media_follow][\/et_pb_column][\/et_pb_row][et_pb_row column_structure=&#8221;1_4,1_4,1_4,1_4&#8243; _builder_version=&#8221;4.27.4&#8243; _module_preset=&#8221;default&#8221; global_colors_info=&#8221;{}&#8221;][et_pb_column type=&#8221;1_4&#8243; _builder_version=&#8221;4.27.4&#8243; _module_preset=&#8221;default&#8221; global_colors_info=&#8221;{}&#8221;][et_pb_image src=&#8221;https:\/\/progres-conference.com\/wp-content\/uploads\/2024\/09\/image-3.png&#8221; title_text=&#8221;image (3)&#8221; align_tablet=&#8221;center&#8221; align_phone=&#8221;center&#8221; align_last_edited=&#8221;on|desktop&#8221; _builder_version=&#8221;4.27.0&#8243; global_colors_info=&#8221;{}&#8221; transform_styles__hover_enabled=&#8221;on|hover&#8221; transform_scale__hover=&#8221;115%|115%&#8221; transform_scale__hover_enabled=&#8221;on|hover&#8221; transform_translate__hover_enabled=&#8221;on|desktop&#8221; transform_rotate__hover_enabled=&#8221;on|desktop&#8221; transform_skew__hover_enabled=&#8221;on|desktop&#8221; transform_origin__hover_enabled=&#8221;on|desktop&#8221;][\/et_pb_image][et_pb_team_member name=&#8221;Mojca Pro\u0161ek&#8221; position=&#8221;Supernova Group&#8221; icon_color=&#8221;#476E6B&#8221; _builder_version=&#8221;4.27.4&#8243; _module_preset=&#8221;default&#8221; header_font=&#8221;|700|||||||&#8221; header_font_size=&#8221;14px&#8221; position_text_color=&#8221;#8F8F8F&#8221; position_font_size=&#8221;12px&#8221; position_line_height=&#8221;2.5em&#8221; text_orientation=&#8221;center&#8221; custom_margin=&#8221;||15px||false|false&#8221; custom_padding=&#8221;||0px||false|false&#8221; global_colors_info=&#8221;{}&#8221;][\/et_pb_team_member][et_pb_social_media_follow _builder_version=&#8221;4.27.4&#8243; _module_preset=&#8221;default&#8221; text_orientation=&#8221;center&#8221; custom_margin=&#8221;0px||||false|false&#8221; custom_padding=&#8221;0px||||false|false&#8221; global_colors_info=&#8221;{}&#8221;][et_pb_social_media_follow_network social_network=&#8221;linkedin&#8221; url=&#8221;https:\/\/www.linkedin.com\/in\/mojca-prosek-27181736\/&#8221; _builder_version=&#8221;4.27.0&#8243; _module_preset=&#8221;default&#8221; background_color=&#8221;#476E6B&#8221; background_enable_color=&#8221;on&#8221; border_radii=&#8221;on|100px|100px|100px|100px&#8221; global_colors_info=&#8221;{}&#8221; follow_button=&#8221;off&#8221; url_new_window=&#8221;on&#8221;]linkedin[\/et_pb_social_media_follow_network][\/et_pb_social_media_follow][\/et_pb_column][et_pb_column type=&#8221;1_4&#8243; _builder_version=&#8221;4.27.4&#8243; _module_preset=&#8221;default&#8221; global_colors_info=&#8221;{}&#8221;][et_pb_image src=&#8221;https:\/\/progres-conference.com\/wp-content\/uploads\/2024\/08\/2M_Katarina_Kresal.png&#8221; title_text=&#8221;2M_Katarina_Kresal&#8221; align_tablet=&#8221;center&#8221; align_phone=&#8221;center&#8221; align_last_edited=&#8221;on|desktop&#8221; _builder_version=&#8221;4.27.0&#8243; transform_scale_last_edited=&#8221;off|desktop&#8221; transform_translate_last_edited=&#8221;off|desktop&#8221; transform_rotate_last_edited=&#8221;off|desktop&#8221; transform_skew_last_edited=&#8221;off|desktop&#8221; transform_origin_last_edited=&#8221;off|desktop&#8221; transform_styles_last_edited=&#8221;off|desktop&#8221; global_colors_info=&#8221;{}&#8221; transform_styles__hover_enabled=&#8221;on|hover&#8221; transform_scale__hover_enabled=&#8221;on|hover&#8221; transform_translate__hover_enabled=&#8221;on|desktop&#8221; transform_rotate__hover_enabled=&#8221;on|desktop&#8221; transform_skew__hover_enabled=&#8221;on|desktop&#8221; transform_origin__hover_enabled=&#8221;on|desktop&#8221; transform_scale__hover=&#8221;115%|115%&#8221;][\/et_pb_image][et_pb_team_member name=&#8221;Katarina Kresal&#8221; position=&#8221;Senica &#038; partnerji,  Andersen&#8221; icon_color=&#8221;#476E6B&#8221; _builder_version=&#8221;4.27.4&#8243; _module_preset=&#8221;default&#8221; header_font=&#8221;|700|||||||&#8221; header_font_size=&#8221;14px&#8221; position_text_color=&#8221;#8F8F8F&#8221; position_font_size=&#8221;12px&#8221; position_line_height=&#8221;2.5em&#8221; text_orientation=&#8221;center&#8221; custom_margin=&#8221;||15px||false|false&#8221; custom_padding=&#8221;||0px||false|false&#8221; global_colors_info=&#8221;{}&#8221;][\/et_pb_team_member][et_pb_social_media_follow _builder_version=&#8221;4.27.4&#8243; _module_preset=&#8221;default&#8221; text_orientation=&#8221;center&#8221; custom_margin=&#8221;0px||||false|false&#8221; custom_padding=&#8221;0px||||false|false&#8221; locked=&#8221;off&#8221; global_colors_info=&#8221;{}&#8221;][et_pb_social_media_follow_network social_network=&#8221;linkedin&#8221; url=&#8221;https:\/\/www.linkedin.com\/in\/katarina-kresal-1833407a\/&#8221; _builder_version=&#8221;4.27.0&#8243; _module_preset=&#8221;default&#8221; background_color=&#8221;#476E6B&#8221; background_enable_color=&#8221;on&#8221; border_radii=&#8221;on|100px|100px|100px|100px&#8221; global_colors_info=&#8221;{}&#8221; follow_button=&#8221;off&#8221; url_new_window=&#8221;on&#8221;]linkedin[\/et_pb_social_media_follow_network][\/et_pb_social_media_follow][\/et_pb_column][et_pb_column type=&#8221;1_4&#8243; _builder_version=&#8221;4.27.4&#8243; _module_preset=&#8221;default&#8221; global_colors_info=&#8221;{}&#8221;][et_pb_image src=&#8221;https:\/\/progres-conference.com\/wp-content\/uploads\/2024\/08\/2P_Mojca_Gornjak.png&#8221; title_text=&#8221;2P_Mojca_Gornjak&#8221; align_tablet=&#8221;center&#8221; align_phone=&#8221;center&#8221; align_last_edited=&#8221;on|desktop&#8221; _builder_version=&#8221;4.27.0&#8243; global_colors_info=&#8221;{}&#8221; transform_styles__hover_enabled=&#8221;on|hover&#8221; transform_scale__hover=&#8221;115%|115%&#8221; transform_scale__hover_enabled=&#8221;on|hover&#8221; transform_translate__hover_enabled=&#8221;on|desktop&#8221; transform_rotate__hover_enabled=&#8221;on|desktop&#8221; transform_skew__hover_enabled=&#8221;on|desktop&#8221; transform_origin__hover_enabled=&#8221;on|desktop&#8221;][\/et_pb_image][et_pb_team_member name=&#8221;Dr. Mojca Gornjak&#8221; position=&#8221; Andersen &#8221; icon_color=&#8221;#476E6B&#8221; _builder_version=&#8221;4.27.4&#8243; _module_preset=&#8221;default&#8221; header_font=&#8221;|700|||||||&#8221; header_font_size=&#8221;14px&#8221; position_text_color=&#8221;#8F8F8F&#8221; position_font_size=&#8221;12px&#8221; position_line_height=&#8221;2.5em&#8221; text_orientation=&#8221;center&#8221; custom_margin=&#8221;||15px||false|false&#8221; custom_padding=&#8221;||0px||false|false&#8221; global_colors_info=&#8221;{}&#8221;][\/et_pb_team_member][et_pb_social_media_follow _builder_version=&#8221;4.27.4&#8243; _module_preset=&#8221;default&#8221; text_orientation=&#8221;center&#8221; custom_margin=&#8221;0px||||false|false&#8221; custom_padding=&#8221;0px||||false|false&#8221; locked=&#8221;off&#8221; global_colors_info=&#8221;{}&#8221;][et_pb_social_media_follow_network social_network=&#8221;linkedin&#8221; url=&#8221;https:\/\/www.linkedin.com\/in\/mojcagornjak\/&#8221; _builder_version=&#8221;4.27.0&#8243; _module_preset=&#8221;default&#8221; background_color=&#8221;#476E6B&#8221; background_enable_color=&#8221;on&#8221; border_radii=&#8221;on|100px|100px|100px|100px&#8221; global_colors_info=&#8221;{}&#8221; follow_button=&#8221;off&#8221; url_new_window=&#8221;on&#8221;]linkedin[\/et_pb_social_media_follow_network][\/et_pb_social_media_follow][\/et_pb_column][et_pb_column type=&#8221;1_4&#8243; _builder_version=&#8221;4.27.4&#8243; _module_preset=&#8221;default&#8221; global_colors_info=&#8221;{}&#8221;][et_pb_image src=&#8221;https:\/\/progres-conference.com\/wp-content\/uploads\/2024\/08\/2P_Katarina_Konda.png&#8221; title_text=&#8221;2P_Katarina_Konda&#8221; align_tablet=&#8221;center&#8221; align_phone=&#8221;center&#8221; align_last_edited=&#8221;on|desktop&#8221; _builder_version=&#8221;4.27.0&#8243; global_colors_info=&#8221;{}&#8221; transform_styles__hover_enabled=&#8221;on|hover&#8221; transform_scale__hover=&#8221;115%|115%&#8221; transform_scale__hover_enabled=&#8221;on|hover&#8221; transform_translate__hover_enabled=&#8221;on|desktop&#8221; transform_rotate__hover_enabled=&#8221;on|desktop&#8221; transform_skew__hover_enabled=&#8221;on|desktop&#8221; transform_origin__hover_enabled=&#8221;on|desktop&#8221;][\/et_pb_image][et_pb_team_member name=&#8221;Mag. Katarina Konda&#8221; position=&#8221;Mestna ob\u010dina Ljubljana&#8221; icon_color=&#8221;#476E6B&#8221; _builder_version=&#8221;4.27.4&#8243; _module_preset=&#8221;default&#8221; header_font=&#8221;|700|||||||&#8221; header_font_size=&#8221;14px&#8221; position_text_color=&#8221;#8F8F8F&#8221; position_font_size=&#8221;12px&#8221; position_line_height=&#8221;2.5em&#8221; text_orientation=&#8221;center&#8221; custom_margin=&#8221;||15px||false|false&#8221; custom_padding=&#8221;||0px||false|false&#8221; global_colors_info=&#8221;{}&#8221;][\/et_pb_team_member][et_pb_social_media_follow _builder_version=&#8221;4.27.4&#8243; _module_preset=&#8221;default&#8221; text_orientation=&#8221;center&#8221; custom_margin=&#8221;0px||||false|false&#8221; custom_padding=&#8221;0px||||false|false&#8221; locked=&#8221;off&#8221; global_colors_info=&#8221;{}&#8221;][et_pb_social_media_follow_network social_network=&#8221;linkedin&#8221; url=&#8221;https:\/\/www.linkedin.com\/in\/katarina-konda-1086993\/&#8221; _builder_version=&#8221;4.27.0&#8243; _module_preset=&#8221;default&#8221; background_color=&#8221;#476E6B&#8221; background_enable_color=&#8221;on&#8221; border_radii=&#8221;on|100px|100px|100px|100px&#8221; global_colors_info=&#8221;{}&#8221; follow_button=&#8221;off&#8221; url_new_window=&#8221;on&#8221;]linkedin[\/et_pb_social_media_follow_network][\/et_pb_social_media_follow][\/et_pb_column][\/et_pb_row][et_pb_row column_structure=&#8221;1_4,1_4,1_4,1_4&#8243; _builder_version=&#8221;4.27.4&#8243; _module_preset=&#8221;default&#8221; global_colors_info=&#8221;{}&#8221;][et_pb_column type=&#8221;1_4&#8243; _builder_version=&#8221;4.27.4&#8243; _module_preset=&#8221;default&#8221; global_colors_info=&#8221;{}&#8221;][et_pb_image src=&#8221;https:\/\/progres-conference.com\/wp-content\/uploads\/2024\/09\/Untitled-61.png&#8221; title_text=&#8221;Untitled-61&#8243; align_tablet=&#8221;center&#8221; align_phone=&#8221;center&#8221; align_last_edited=&#8221;on|desktop&#8221; _builder_version=&#8221;4.27.0&#8243; global_colors_info=&#8221;{}&#8221; transform_styles__hover_enabled=&#8221;on|hover&#8221; transform_scale__hover=&#8221;115%|115%&#8221; transform_scale__hover_enabled=&#8221;on|hover&#8221; transform_translate__hover_enabled=&#8221;on|desktop&#8221; transform_rotate__hover_enabled=&#8221;on|desktop&#8221; transform_skew__hover_enabled=&#8221;on|desktop&#8221; transform_origin__hover_enabled=&#8221;on|desktop&#8221;][\/et_pb_image][et_pb_team_member name=&#8221;Matja\u017e Rupnik&#8221; position=&#8221;NLB&#8221; icon_color=&#8221;#476E6B&#8221; _builder_version=&#8221;4.27.4&#8243; _module_preset=&#8221;default&#8221; header_font=&#8221;|700|||||||&#8221; header_font_size=&#8221;14px&#8221; position_text_color=&#8221;#8F8F8F&#8221; position_font_size=&#8221;12px&#8221; position_line_height=&#8221;2.5em&#8221; text_orientation=&#8221;center&#8221; custom_margin=&#8221;||15px||false|false&#8221; custom_padding=&#8221;||0px||false|false&#8221; global_colors_info=&#8221;{}&#8221;][\/et_pb_team_member][et_pb_social_media_follow _builder_version=&#8221;4.27.4&#8243; _module_preset=&#8221;default&#8221; text_orientation=&#8221;center&#8221; custom_margin=&#8221;0px||||false|false&#8221; custom_padding=&#8221;0px||||false|false&#8221; locked=&#8221;off&#8221; global_colors_info=&#8221;{}&#8221;][et_pb_social_media_follow_network social_network=&#8221;linkedin&#8221; url=&#8221;https:\/\/www.linkedin.com\/in\/matja%C5%BE-rupnik-a493a4143\/?trk=public_profile_samename-profile&#038;originalSubdomain=si&#8221; icon_color=&#8221;#FFFFFF&#8221; _builder_version=&#8221;4.27.0&#8243; _module_preset=&#8221;default&#8221; background_color=&#8221;#476E6B&#8221; background_enable_color=&#8221;on&#8221; border_radii=&#8221;on|17px|17px|17px|17px&#8221; border_color_all=&#8221;#FFFFFF&#8221; global_colors_info=&#8221;{}&#8221; follow_button=&#8221;off&#8221; url_new_window=&#8221;on&#8221;]linkedin[\/et_pb_social_media_follow_network][\/et_pb_social_media_follow][\/et_pb_column][et_pb_column type=&#8221;1_4&#8243; _builder_version=&#8221;4.27.4&#8243; _module_preset=&#8221;default&#8221; global_colors_info=&#8221;{}&#8221;][et_pb_image src=&#8221;https:\/\/progres-conference.com\/wp-content\/uploads\/2024\/08\/3M_Blaz_Hribar_M.png&#8221; title_text=&#8221;3M_Blaz_Hribar_M&#8221; align_tablet=&#8221;center&#8221; align_phone=&#8221;center&#8221; align_last_edited=&#8221;on|desktop&#8221; _builder_version=&#8221;4.27.0&#8243; transform_scale_last_edited=&#8221;off|desktop&#8221; transform_translate_last_edited=&#8221;off|desktop&#8221; transform_rotate_last_edited=&#8221;off|desktop&#8221; transform_skew_last_edited=&#8221;off|desktop&#8221; transform_origin_last_edited=&#8221;off|desktop&#8221; transform_styles_last_edited=&#8221;off|desktop&#8221; global_colors_info=&#8221;{}&#8221; transform_styles__hover_enabled=&#8221;on|hover&#8221; transform_scale__hover_enabled=&#8221;on|hover&#8221; transform_translate__hover_enabled=&#8221;on|desktop&#8221; transform_rotate__hover_enabled=&#8221;on|desktop&#8221; transform_skew__hover_enabled=&#8221;on|desktop&#8221; transform_origin__hover_enabled=&#8221;on|desktop&#8221; transform_scale__hover=&#8221;115%|115%&#8221;][\/et_pb_image][et_pb_team_member name=&#8221;Bla\u017e Hribar&#8221; position=&#8221;Pokojninska dru\u017eba A, d.d.&#8221; icon_color=&#8221;#476E6B&#8221; _builder_version=&#8221;4.27.4&#8243; _module_preset=&#8221;default&#8221; header_font=&#8221;|700|||||||&#8221; header_font_size=&#8221;14px&#8221; position_text_color=&#8221;#8F8F8F&#8221; position_font_size=&#8221;12px&#8221; position_line_height=&#8221;2.5em&#8221; text_orientation=&#8221;center&#8221; custom_margin=&#8221;||15px||false|false&#8221; custom_padding=&#8221;||0px||false|false&#8221; global_colors_info=&#8221;{}&#8221;][\/et_pb_team_member][et_pb_social_media_follow _builder_version=&#8221;4.27.4&#8243; _module_preset=&#8221;default&#8221; text_orientation=&#8221;center&#8221; custom_margin=&#8221;0px||||false|false&#8221; custom_padding=&#8221;0px||||false|false&#8221; locked=&#8221;off&#8221; global_colors_info=&#8221;{}&#8221;][et_pb_social_media_follow_network social_network=&#8221;linkedin&#8221; url=&#8221;https:\/\/www.linkedin.com\/in\/bla%C5%BE-hribar-47a659171\/&#8221; _builder_version=&#8221;4.27.0&#8243; _module_preset=&#8221;default&#8221; background_color=&#8221;#476E6B&#8221; background_enable_color=&#8221;on&#8221; border_radii=&#8221;on|100px|100px|100px|100px&#8221; global_colors_info=&#8221;{}&#8221; follow_button=&#8221;off&#8221; url_new_window=&#8221;on&#8221;]linkedin[\/et_pb_social_media_follow_network][\/et_pb_social_media_follow][\/et_pb_column][et_pb_column type=&#8221;1_4&#8243; _builder_version=&#8221;4.27.4&#8243; _module_preset=&#8221;default&#8221; global_colors_info=&#8221;{}&#8221;][et_pb_image src=&#8221;https:\/\/progres-conference.com\/wp-content\/uploads\/2024\/08\/3P_Maja_Ostenak.png&#8221; title_text=&#8221;3P_Maja_Ostenak&#8221; align_tablet=&#8221;center&#8221; align_phone=&#8221;center&#8221; align_last_edited=&#8221;on|desktop&#8221; _builder_version=&#8221;4.27.0&#8243; global_colors_info=&#8221;{}&#8221; transform_styles__hover_enabled=&#8221;on|hover&#8221; transform_scale__hover=&#8221;115%|115%&#8221; transform_scale__hover_enabled=&#8221;on|hover&#8221; transform_translate__hover_enabled=&#8221;on|desktop&#8221; transform_rotate__hover_enabled=&#8221;on|desktop&#8221; transform_skew__hover_enabled=&#8221;on|desktop&#8221; transform_origin__hover_enabled=&#8221;on|desktop&#8221;][\/et_pb_image][et_pb_team_member name=&#8221;Maja Ostanek Selak&#8221; position=&#8221;ALFI RE&#8221; icon_color=&#8221;#476E6B&#8221; _builder_version=&#8221;4.27.4&#8243; _module_preset=&#8221;default&#8221; header_font=&#8221;|700|||||||&#8221; header_font_size=&#8221;14px&#8221; position_text_color=&#8221;#8F8F8F&#8221; position_font_size=&#8221;12px&#8221; position_line_height=&#8221;2.5em&#8221; text_orientation=&#8221;center&#8221; custom_margin=&#8221;||15px||false|false&#8221; custom_padding=&#8221;||0px||false|false&#8221; global_colors_info=&#8221;{}&#8221;][\/et_pb_team_member][et_pb_social_media_follow _builder_version=&#8221;4.27.4&#8243; _module_preset=&#8221;default&#8221; text_orientation=&#8221;center&#8221; custom_margin=&#8221;0px||||false|false&#8221; custom_padding=&#8221;0px||||false|false&#8221; locked=&#8221;off&#8221; global_colors_info=&#8221;{}&#8221;][et_pb_social_media_follow_network social_network=&#8221;linkedin&#8221; url=&#8221;https:\/\/www.linkedin.com\/in\/maja-ostanek-mrics-a5929850\/&#8221; _builder_version=&#8221;4.27.0&#8243; _module_preset=&#8221;default&#8221; background_color=&#8221;#476E6B&#8221; background_enable_color=&#8221;on&#8221; border_radii=&#8221;on|100px|100px|100px|100px&#8221; global_colors_info=&#8221;{}&#8221; follow_button=&#8221;off&#8221; url_new_window=&#8221;on&#8221;]linkedin[\/et_pb_social_media_follow_network][\/et_pb_social_media_follow][\/et_pb_column][et_pb_column type=&#8221;1_4&#8243; _builder_version=&#8221;4.27.4&#8243; _module_preset=&#8221;default&#8221; global_colors_info=&#8221;{}&#8221;][et_pb_image src=&#8221;https:\/\/progres-conference.com\/wp-content\/uploads\/2024\/08\/3P_Sladjena_Krizaj.png&#8221; title_text=&#8221;3P_Sladjena_Krizaj&#8221; align_tablet=&#8221;center&#8221; align_phone=&#8221;center&#8221; align_last_edited=&#8221;on|desktop&#8221; _builder_version=&#8221;4.27.0&#8243; global_colors_info=&#8221;{}&#8221; transform_styles__hover_enabled=&#8221;on|hover&#8221; transform_scale__hover=&#8221;115%|115%&#8221; transform_scale__hover_enabled=&#8221;on|hover&#8221; transform_translate__hover_enabled=&#8221;on|desktop&#8221; transform_rotate__hover_enabled=&#8221;on|desktop&#8221; transform_skew__hover_enabled=&#8221;on|desktop&#8221; transform_origin__hover_enabled=&#8221;on|desktop&#8221;][\/et_pb_image][et_pb_team_member name=&#8221;Sladjena Kri\u017eaj&#8221; position=&#8221;ReCreate&#8221; icon_color=&#8221;#476E6B&#8221; _builder_version=&#8221;4.27.4&#8243; _module_preset=&#8221;default&#8221; header_font=&#8221;|700|||||||&#8221; header_font_size=&#8221;14px&#8221; position_text_color=&#8221;#8F8F8F&#8221; position_font_size=&#8221;12px&#8221; position_line_height=&#8221;2.5em&#8221; text_orientation=&#8221;center&#8221; custom_margin=&#8221;||15px||false|false&#8221; custom_padding=&#8221;||0px||false|false&#8221; global_colors_info=&#8221;{}&#8221;][\/et_pb_team_member][et_pb_social_media_follow _builder_version=&#8221;4.27.4&#8243; _module_preset=&#8221;default&#8221; text_orientation=&#8221;center&#8221; custom_margin=&#8221;0px||||false|false&#8221; custom_padding=&#8221;0px||||false|false&#8221; locked=&#8221;off&#8221; global_colors_info=&#8221;{}&#8221;][et_pb_social_media_follow_network social_network=&#8221;linkedin&#8221; url=&#8221;https:\/\/www.linkedin.com\/in\/sladjena-krizaj-55146956\/&#8221; _builder_version=&#8221;4.27.0&#8243; _module_preset=&#8221;default&#8221; background_color=&#8221;#476E6B&#8221; background_enable_color=&#8221;on&#8221; border_radii=&#8221;on|100px|100px|100px|100px&#8221; global_colors_info=&#8221;{}&#8221; follow_button=&#8221;off&#8221; url_new_window=&#8221;on&#8221;]linkedin[\/et_pb_social_media_follow_network][\/et_pb_social_media_follow][\/et_pb_column][\/et_pb_row][\/et_pb_section]<\/p>\n","protected":false},"excerpt":{"rendered":"<p>PANELISTI 2025Bo\u0161tjan Vuga je arhitekt, profesor in soustanovitelj arhitekturnega biroja SADAR+VUGA, enega vodilnih birojev v regiji, znanega po odprtem, inovativnem in integriranem pristopu k arhitekturi in urbanisti\u010dnemu na\u010drtovanju. \u017de skoraj trideset let razvija projekte razli\u010dnih meril, od ve\u010djih javnih objektov, kulturne infrastrukture, zasebnih projektov pa vse do vizij za prihodnji razvoj mest. Je redni profesor [&hellip;]<\/p>\n","protected":false},"author":1,"featured_media":0,"parent":0,"menu_order":0,"comment_status":"closed","ping_status":"closed","template":"","meta":{"_et_pb_use_builder":"on","_et_pb_old_content":"","_et_gb_content_width":"","footnotes":""},"class_list":["post-3092","page","type-page","status-publish","hentry"],"yoast_head":"<!-- This site is optimized with the Yoast SEO plugin v27.3 - https:\/\/yoast.com\/product\/yoast-seo-wordpress\/ -->\n<title>Panelisti 2025 &#8212; Progres konferenca<\/title>\n<meta name=\"robots\" content=\"index, follow, max-snippet:-1, max-image-preview:large, max-video-preview:-1\" \/>\n<link rel=\"canonical\" href=\"https:\/\/progres-conference.com\/en\/panelisti\/\" \/>\n<meta property=\"og:locale\" content=\"en_US\" \/>\n<meta property=\"og:type\" content=\"article\" \/>\n<meta property=\"og:title\" content=\"Panelisti 2025 &#8212; Progres konferenca\" \/>\n<meta property=\"og:description\" content=\"PANELISTI 2025Bo\u0161tjan Vuga je arhitekt, profesor in soustanovitelj arhitekturnega biroja SADAR+VUGA, enega vodilnih birojev v regiji, znanega po odprtem, inovativnem in integriranem pristopu k arhitekturi in urbanisti\u010dnemu na\u010drtovanju. \u017de skoraj trideset let razvija projekte razli\u010dnih meril, od ve\u010djih javnih objektov, kulturne infrastrukture, zasebnih projektov pa vse do vizij za prihodnji razvoj mest. Je redni profesor [&hellip;]\" \/>\n<meta property=\"og:url\" content=\"https:\/\/progres-conference.com\/en\/panelisti\/\" \/>\n<meta property=\"og:site_name\" content=\"Progres konferenca\" \/>\n<meta property=\"article:modified_time\" content=\"2025-09-26T12:09:50+00:00\" \/>\n<meta property=\"og:image\" content=\"https:\/\/progres-conference.com\/wp-content\/uploads\/2024\/05\/Posnetek-zaslona-2024-05-08-090638.webp\" \/>\n\t<meta property=\"og:image:width\" content=\"1655\" \/>\n\t<meta property=\"og:image:height\" content=\"932\" \/>\n\t<meta property=\"og:image:type\" content=\"image\/webp\" \/>\n<meta name=\"twitter:card\" content=\"summary_large_image\" \/>\n<meta name=\"twitter:label1\" content=\"Est. reading time\" \/>\n\t<meta name=\"twitter:data1\" content=\"15 minutes\" \/>\n<script type=\"application\/ld+json\" class=\"yoast-schema-graph\">{\"@context\":\"https:\\\/\\\/schema.org\",\"@graph\":[{\"@type\":\"WebPage\",\"@id\":\"https:\\\/\\\/progres-conference.com\\\/en\\\/panelisti\\\/\",\"url\":\"https:\\\/\\\/progres-conference.com\\\/en\\\/panelisti\\\/\",\"name\":\"Panelisti 2025 &#8212; Progres konferenca\",\"isPartOf\":{\"@id\":\"https:\\\/\\\/progres-conference.com\\\/#website\"},\"datePublished\":\"2024-07-18T09:09:36+00:00\",\"dateModified\":\"2025-09-26T12:09:50+00:00\",\"breadcrumb\":{\"@id\":\"https:\\\/\\\/progres-conference.com\\\/en\\\/panelisti\\\/#breadcrumb\"},\"inLanguage\":\"en-US\",\"potentialAction\":[{\"@type\":\"ReadAction\",\"target\":[\"https:\\\/\\\/progres-conference.com\\\/en\\\/panelisti\\\/\"]}]},{\"@type\":\"BreadcrumbList\",\"@id\":\"https:\\\/\\\/progres-conference.com\\\/en\\\/panelisti\\\/#breadcrumb\",\"itemListElement\":[{\"@type\":\"ListItem\",\"position\":1,\"name\":\"Domov\",\"item\":\"https:\\\/\\\/progres-conference.com\\\/en\\\/\"},{\"@type\":\"ListItem\",\"position\":2,\"name\":\"Panelisti 2025\"}]},{\"@type\":\"WebSite\",\"@id\":\"https:\\\/\\\/progres-conference.com\\\/#website\",\"url\":\"https:\\\/\\\/progres-conference.com\\\/\",\"name\":\"Progres konferenca\",\"description\":\"\",\"publisher\":{\"@id\":\"https:\\\/\\\/progres-conference.com\\\/#organization\"},\"potentialAction\":[{\"@type\":\"SearchAction\",\"target\":{\"@type\":\"EntryPoint\",\"urlTemplate\":\"https:\\\/\\\/progres-conference.com\\\/?s={search_term_string}\"},\"query-input\":{\"@type\":\"PropertyValueSpecification\",\"valueRequired\":true,\"valueName\":\"search_term_string\"}}],\"inLanguage\":\"en-US\"},{\"@type\":\"Organization\",\"@id\":\"https:\\\/\\\/progres-conference.com\\\/#organization\",\"name\":\"Progres konferenca\",\"url\":\"https:\\\/\\\/progres-conference.com\\\/\",\"logo\":{\"@type\":\"ImageObject\",\"inLanguage\":\"en-US\",\"@id\":\"https:\\\/\\\/progres-conference.com\\\/#\\\/schema\\\/logo\\\/image\\\/\",\"url\":\"https:\\\/\\\/progres-conference.com\\\/wp-content\\\/uploads\\\/2024\\\/05\\\/Progres-konferenca-logo.png\",\"contentUrl\":\"https:\\\/\\\/progres-conference.com\\\/wp-content\\\/uploads\\\/2024\\\/05\\\/Progres-konferenca-logo.png\",\"width\":854,\"height\":447,\"caption\":\"Progres konferenca\"},\"image\":{\"@id\":\"https:\\\/\\\/progres-conference.com\\\/#\\\/schema\\\/logo\\\/image\\\/\"},\"sameAs\":[\"https:\\\/\\\/www.linkedin.com\\\/company\\\/progres-konferenca\\\/?viewAsMember=true\"]}]}<\/script>\n<!-- \/ Yoast SEO plugin. -->","yoast_head_json":{"title":"Panelisti 2025 &#8212; Progres konferenca","robots":{"index":"index","follow":"follow","max-snippet":"max-snippet:-1","max-image-preview":"max-image-preview:large","max-video-preview":"max-video-preview:-1"},"canonical":"https:\/\/progres-conference.com\/en\/panelisti\/","og_locale":"en_US","og_type":"article","og_title":"Panelisti 2025 &#8212; Progres konferenca","og_description":"PANELISTI 2025Bo\u0161tjan Vuga je arhitekt, profesor in soustanovitelj arhitekturnega biroja SADAR+VUGA, enega vodilnih birojev v regiji, znanega po odprtem, inovativnem in integriranem pristopu k arhitekturi in urbanisti\u010dnemu na\u010drtovanju. \u017de skoraj trideset let razvija projekte razli\u010dnih meril, od ve\u010djih javnih objektov, kulturne infrastrukture, zasebnih projektov pa vse do vizij za prihodnji razvoj mest. Je redni profesor [&hellip;]","og_url":"https:\/\/progres-conference.com\/en\/panelisti\/","og_site_name":"Progres konferenca","article_modified_time":"2025-09-26T12:09:50+00:00","og_image":[{"width":1655,"height":932,"url":"https:\/\/progres-conference.com\/wp-content\/uploads\/2024\/05\/Posnetek-zaslona-2024-05-08-090638.webp","type":"image\/webp"}],"twitter_card":"summary_large_image","twitter_misc":{"Est. reading time":"15 minutes"},"schema":{"@context":"https:\/\/schema.org","@graph":[{"@type":"WebPage","@id":"https:\/\/progres-conference.com\/en\/panelisti\/","url":"https:\/\/progres-conference.com\/en\/panelisti\/","name":"Panelisti 2025 &#8212; Progres konferenca","isPartOf":{"@id":"https:\/\/progres-conference.com\/#website"},"datePublished":"2024-07-18T09:09:36+00:00","dateModified":"2025-09-26T12:09:50+00:00","breadcrumb":{"@id":"https:\/\/progres-conference.com\/en\/panelisti\/#breadcrumb"},"inLanguage":"en-US","potentialAction":[{"@type":"ReadAction","target":["https:\/\/progres-conference.com\/en\/panelisti\/"]}]},{"@type":"BreadcrumbList","@id":"https:\/\/progres-conference.com\/en\/panelisti\/#breadcrumb","itemListElement":[{"@type":"ListItem","position":1,"name":"Domov","item":"https:\/\/progres-conference.com\/en\/"},{"@type":"ListItem","position":2,"name":"Panelisti 2025"}]},{"@type":"WebSite","@id":"https:\/\/progres-conference.com\/#website","url":"https:\/\/progres-conference.com\/","name":"Progres konferenca","description":"","publisher":{"@id":"https:\/\/progres-conference.com\/#organization"},"potentialAction":[{"@type":"SearchAction","target":{"@type":"EntryPoint","urlTemplate":"https:\/\/progres-conference.com\/?s={search_term_string}"},"query-input":{"@type":"PropertyValueSpecification","valueRequired":true,"valueName":"search_term_string"}}],"inLanguage":"en-US"},{"@type":"Organization","@id":"https:\/\/progres-conference.com\/#organization","name":"Progres konferenca","url":"https:\/\/progres-conference.com\/","logo":{"@type":"ImageObject","inLanguage":"en-US","@id":"https:\/\/progres-conference.com\/#\/schema\/logo\/image\/","url":"https:\/\/progres-conference.com\/wp-content\/uploads\/2024\/05\/Progres-konferenca-logo.png","contentUrl":"https:\/\/progres-conference.com\/wp-content\/uploads\/2024\/05\/Progres-konferenca-logo.png","width":854,"height":447,"caption":"Progres konferenca"},"image":{"@id":"https:\/\/progres-conference.com\/#\/schema\/logo\/image\/"},"sameAs":["https:\/\/www.linkedin.com\/company\/progres-konferenca\/?viewAsMember=true"]}]}},"_links":{"self":[{"href":"https:\/\/progres-conference.com\/en\/wp-json\/wp\/v2\/pages\/3092","targetHints":{"allow":["GET"]}}],"collection":[{"href":"https:\/\/progres-conference.com\/en\/wp-json\/wp\/v2\/pages"}],"about":[{"href":"https:\/\/progres-conference.com\/en\/wp-json\/wp\/v2\/types\/page"}],"author":[{"embeddable":true,"href":"https:\/\/progres-conference.com\/en\/wp-json\/wp\/v2\/users\/1"}],"replies":[{"embeddable":true,"href":"https:\/\/progres-conference.com\/en\/wp-json\/wp\/v2\/comments?post=3092"}],"version-history":[{"count":62,"href":"https:\/\/progres-conference.com\/en\/wp-json\/wp\/v2\/pages\/3092\/revisions"}],"predecessor-version":[{"id":4209,"href":"https:\/\/progres-conference.com\/en\/wp-json\/wp\/v2\/pages\/3092\/revisions\/4209"}],"wp:attachment":[{"href":"https:\/\/progres-conference.com\/en\/wp-json\/wp\/v2\/media?parent=3092"}],"curies":[{"name":"wp","href":"https:\/\/api.w.org\/{rel}","templated":true}]}}